{"id":22365,"date":"2023-07-12T14:18:00","date_gmt":"2023-07-12T21:18:00","guid":{"rendered":"https:\/\/lalgbtcenter.org\/services\/psiquiatria\/"},"modified":"2024-04-10T13:07:42","modified_gmt":"2024-04-10T20:07:42","slug":"psiquiatria","status":"publish","type":"services","link":"https:\/\/lalgbtcenter.org\/es\/services\/servicios-de-salud-mental-y-psiquiatria\/psiquiatria\/","title":{"rendered":"Psiquiatr\u00eda"},"content":{"rendered":"\n\n<section class=\"container-full-width mt-64 mb-32 relative\">\n  \n<div class=\"relative\">\n      <div data-gradient-color aria-hidden=\"true\" class=\"pointer-events-none blur-lg absolute h-[144px] md:h-[calc(100%_+_96px)] aspect-square top-1\/2 left-0 z-[-1] top-[40px] md:top-[50%] -translate-x-[20%] md:-translate-x-[10%]\">\n  <svg class=\"-translate-x-1\/2 -translate-y-1\/2 w-full h-full opacity-0 transition-opacity\" xmlns=\"http:\/\/www.w3.org\/2000\/svg\" viewBox=\"0 0 200 200\" preserveAspectRatio=\"none\" data-wait-until-load>\n    <defs>\n      <radialGradient id=\"radial-gradient-69ec77f0cc905\" cx=\"50%\" cy=\"50%\" r=\"50%\" fx=\"50%\" fy=\"50%\">\n        <stop offset=\"0%\" style=\"stop-color:white; stop-opacity:1\" \/>\n        <stop offset=\"100%\" style=\"stop-color:white; stop-opacity:0\" \/>\n      <\/radialGradient>\n\n      <linearGradient id=\"linear-gradient-69ec77f0cc905\" x1=\"50%\" y1=\"50%\" x2=\"50%\" y2=\"100%\">\n        <stop offset=\"0%\" style=\"stop-color:#3ecdff; stop-opacity:1\" \/>\n        <stop offset=\"100%\" style=\"stop-color:#28ea80; stop-opacity:1\" \/>\n      <\/linearGradient>\n\n      <mask id=\"mask-69ec77f0cc905\" x=\"0\" y=\"0\" width=\"100%\" height=\"100%\">\n        <circle cx=\"100\" cy=\"100\" r=\"100\" fill=\"url(#radial-gradient-69ec77f0cc905)\" \/>\n      <\/mask>\n    <\/defs>\n    <rect x=\"0\" y=\"0\" width=\"100%\" height=\"100%\" fill=\"url(#linear-gradient-69ec77f0cc905)\" mask=\"url(#mask-69ec77f0cc905)\" \/>\n  <\/svg>\n<\/div>    <div class=\"container relative\">\n    <div class=\"grid grid-cols-1 md:grid-cols-2 gap-24 md:gap-160\">\n      <div class=\"relative flex flex-col gap-4 md:gap-20\">\n                  <div class=\"body-legal leading-none\">Servicios de salud mental<\/div>\n                          <h1 class=\"heading-xl uppercase\">Psiquiatr\u00eda<\/h1>\n              <\/div>\n      <div class=\"flex flex-col gap-24 md:gap-32 items-start\">\n                  <div class=\"body-md heir-a:underline rich-text\"><p>Nuestro equipo adopta un enfoque centrado en el paciente que trata una gama completa de necesidades de salud mental de forma hol\u00edstica, y en conjunci\u00f3n con los dem\u00e1s servicios ofrecidos en el Centro.<\/p>\n<\/div>\n                          \n  <a   href=\"tel:3239937500\" class=\"button inline-flex items-center justify-center body-sm-bold pb-2 border-b-2 border-transparent transition hover:border-black focus:outline focus:outline-offset-4 focus:outline-black disabled:bg-black-60 !justify-start\" target=\"_self\">\n    \u00bfPaciente nuevo? Llame al 323-993-7500          \n<svg class=\"w-12 fill-black rotate-180 ml-10\" width=\"16\" height=\"16\" viewBox=\"0 0 16 16\" fill=\"none\" xmlns=\"http:\/\/www.w3.org\/2000\/svg\" fill=\"currentColor\">\n  <path fill-rule=\"evenodd\" clip-rule=\"evenodd\" d=\"m5.973 7.063 3.648-3.649L8.207 2l-5.5 5.5L2 8.207l.707.707 5.5 5.5L9.621 13 5.684 9.063h8.328v-2H5.973z\" \/>\n<\/svg>          <\/a>\n              <\/div>\n    <\/div>\n  <\/div>\n<\/div><\/section>\n\n<section class=\"w-full\">\n  \n<div class=\"relative my-64 md:mt-110 md:mb-105\">\n      <h2 class=\"!heading-sm-bold !pl-0 mb-32 md:mb-40\">\n      Atenci\u00f3n con pasi\u00f3n y experiencia a partes iguales    <\/h2>\n  \n  <div class=\"flex flex-col md:flex-row gap-32 items-start justify-between\">\n    <div class=\"w-full md:max-w-[540px]\">\n              <div class=\"w-full pb-24 mb-24 md:mb-32 border-b border-black\/30 last:pb-0 last:mb-0 last:border-none\">\n          <h3 class=\"!pl-0 !mb-8 md:!mb-12 !heading-md !leading-none\">\n            Nuestro enfoque asistencial          <\/h3>\n          <p class=\"body-md\">\n            El equipo psiqui\u00e1trico del centro adopta un enfoque centrado en el paciente, minimizando los riesgos y maximizando los beneficios para nuestros pacientes siempre que sea posible.  \n\nNos comprometemos a utilizar la menor cantidad de medicamentos necesaria para estabilizar y tratar a nuestros pacientes, as\u00ed como a limitar el uso de sustancias de abuso, que se ha demostrado que perjudican a los pacientes a largo plazo.\n\nSabemos que dar los primeros pasos para buscar psicoterapia o tratamiento farmacol\u00f3gico puede ser desalentador. Nuestro equipo est\u00e1 a su disposici\u00f3n en todo momento y le animamos a que se ponga en contacto con nosotros.          <\/p>\n        <\/div>\n              <div class=\"w-full pb-24 mb-24 md:mb-32 border-b border-black\/30 last:pb-0 last:mb-0 last:border-none\">\n          <h3 class=\"!pl-0 !mb-8 md:!mb-12 !heading-md !leading-none\">\n            Nuestros servicios          <\/h3>\n          <p class=\"body-md\">\n            Ofrecemos una amplia gama de servicios junto con el resto de la oferta del Centro LGBT de Los \u00c1ngeles, entre los que se incluyen: medicamentos psiqui\u00e1tricos inyectables de acci\u00f3n prolongada, gesti\u00f3n de la medicaci\u00f3n y Suboxone y tratamiento asistido con medicaci\u00f3n para la adicci\u00f3n.          <\/p>\n        <\/div>\n              <div class=\"w-full pb-24 mb-24 md:mb-32 border-b border-black\/30 last:pb-0 last:mb-0 last:border-none\">\n          <h3 class=\"!pl-0 !mb-8 md:!mb-12 !heading-md !leading-none\">\n            Afecciones tratadas          <\/h3>\n          <p class=\"body-md\">\n            Nuestro equipo es capaz de ayudar a tratar y gestionar enfermedades como la adicci\u00f3n, los trastornos de ansiedad, bipolar, depresi\u00f3n, esquizofrenia, trauma, TEPT, trastornos de la personalidad, y m\u00e1s.            <\/p>\n        <\/div>\n          <\/div>\n          <img class=\"w-full md:w-[40%] sticky top-[145px] rounded-10 object-cover aspect-square\" src='https:\/\/lalgbtcenter.org\/app\/uploads\/2023\/08\/RP_LALGBT_20230513-CENTER-2023-WEBSITE-TRAVIS-CHANTAR-1323-768x1024.jpg' srcset='https:\/\/lalgbtcenter.org\/app\/uploads\/2023\/08\/RP_LALGBT_20230513-CENTER-2023-WEBSITE-TRAVIS-CHANTAR-1323-768x1024.jpg 768w, https:\/\/lalgbtcenter.org\/app\/uploads\/2023\/08\/RP_LALGBT_20230513-CENTER-2023-WEBSITE-TRAVIS-CHANTAR-1323-225x300.jpg 225w, https:\/\/lalgbtcenter.org\/app\/uploads\/2023\/08\/RP_LALGBT_20230513-CENTER-2023-WEBSITE-TRAVIS-CHANTAR-1323-1152x1536.jpg 1152w, https:\/\/lalgbtcenter.org\/app\/uploads\/2023\/08\/RP_LALGBT_20230513-CENTER-2023-WEBSITE-TRAVIS-CHANTAR-1323-1536x2048.jpg 1536w, https:\/\/lalgbtcenter.org\/app\/uploads\/2023\/08\/RP_LALGBT_20230513-CENTER-2023-WEBSITE-TRAVIS-CHANTAR-1323-1x1.jpg 1w, https:\/\/lalgbtcenter.org\/app\/uploads\/2023\/08\/RP_LALGBT_20230513-CENTER-2023-WEBSITE-TRAVIS-CHANTAR-1323-230x307.jpg 230w, https:\/\/lalgbtcenter.org\/app\/uploads\/2023\/08\/RP_LALGBT_20230513-CENTER-2023-WEBSITE-TRAVIS-CHANTAR-1323-550x733.jpg 550w, https:\/\/lalgbtcenter.org\/app\/uploads\/2023\/08\/RP_LALGBT_20230513-CENTER-2023-WEBSITE-TRAVIS-CHANTAR-1323-900x1200.jpg 900w, https:\/\/lalgbtcenter.org\/app\/uploads\/2023\/08\/RP_LALGBT_20230513-CENTER-2023-WEBSITE-TRAVIS-CHANTAR-1323-1130x1507.jpg 1130w, https:\/\/lalgbtcenter.org\/app\/uploads\/2023\/08\/RP_LALGBT_20230513-CENTER-2023-WEBSITE-TRAVIS-CHANTAR-1323-1280x1707.jpg 1280w, https:\/\/lalgbtcenter.org\/app\/uploads\/2023\/08\/RP_LALGBT_20230513-CENTER-2023-WEBSITE-TRAVIS-CHANTAR-1323-1460x1947.jpg 1460w, https:\/\/lalgbtcenter.org\/app\/uploads\/2023\/08\/RP_LALGBT_20230513-CENTER-2023-WEBSITE-TRAVIS-CHANTAR-1323-scaled.jpg 1920w' alt='' loading='lazy' sizes='(min-width: 834px) 37vw, 90vw' alt=\"\">\n      <\/div>\n<\/div><\/section>\n\n<section class=\"w-full mt-56 mb-80 md:mt-80 md:mb-120\">\n  \n<div class=\"flex flex-col md:flex-row gap-24 md:gap-[10%] items-center md:items-start\">\n      <img class=\"aspect-square rounded-10 object-cover w-full md:w-[50%] h-full md:max-w-[448px]\" src='https:\/\/lalgbtcenter.org\/app\/uploads\/2023\/08\/RP_LALGBT_20230513-CENTER-2023-WEBSITE-TRAVIS-CHANTAR-1340-768x1024.jpg' srcset='https:\/\/lalgbtcenter.org\/app\/uploads\/2023\/08\/RP_LALGBT_20230513-CENTER-2023-WEBSITE-TRAVIS-CHANTAR-1340-768x1024.jpg 768w, https:\/\/lalgbtcenter.org\/app\/uploads\/2023\/08\/RP_LALGBT_20230513-CENTER-2023-WEBSITE-TRAVIS-CHANTAR-1340-225x300.jpg 225w, https:\/\/lalgbtcenter.org\/app\/uploads\/2023\/08\/RP_LALGBT_20230513-CENTER-2023-WEBSITE-TRAVIS-CHANTAR-1340-1152x1536.jpg 1152w, https:\/\/lalgbtcenter.org\/app\/uploads\/2023\/08\/RP_LALGBT_20230513-CENTER-2023-WEBSITE-TRAVIS-CHANTAR-1340-1536x2048.jpg 1536w, https:\/\/lalgbtcenter.org\/app\/uploads\/2023\/08\/RP_LALGBT_20230513-CENTER-2023-WEBSITE-TRAVIS-CHANTAR-1340-1x1.jpg 1w, https:\/\/lalgbtcenter.org\/app\/uploads\/2023\/08\/RP_LALGBT_20230513-CENTER-2023-WEBSITE-TRAVIS-CHANTAR-1340-230x307.jpg 230w, https:\/\/lalgbtcenter.org\/app\/uploads\/2023\/08\/RP_LALGBT_20230513-CENTER-2023-WEBSITE-TRAVIS-CHANTAR-1340-550x733.jpg 550w, https:\/\/lalgbtcenter.org\/app\/uploads\/2023\/08\/RP_LALGBT_20230513-CENTER-2023-WEBSITE-TRAVIS-CHANTAR-1340-900x1200.jpg 900w, https:\/\/lalgbtcenter.org\/app\/uploads\/2023\/08\/RP_LALGBT_20230513-CENTER-2023-WEBSITE-TRAVIS-CHANTAR-1340-1130x1507.jpg 1130w, https:\/\/lalgbtcenter.org\/app\/uploads\/2023\/08\/RP_LALGBT_20230513-CENTER-2023-WEBSITE-TRAVIS-CHANTAR-1340-1280x1707.jpg 1280w, https:\/\/lalgbtcenter.org\/app\/uploads\/2023\/08\/RP_LALGBT_20230513-CENTER-2023-WEBSITE-TRAVIS-CHANTAR-1340-1460x1947.jpg 1460w, https:\/\/lalgbtcenter.org\/app\/uploads\/2023\/08\/RP_LALGBT_20230513-CENTER-2023-WEBSITE-TRAVIS-CHANTAR-1340-scaled.jpg 1920w' alt='' loading='lazy' sizes='(min-width: 834px) 450px, 90vw' alt=\"\">\n  \n  <div class=\"w-full my-auto\">\n          <h2 class=\"!p-0 !heading-lg mb-24\">Reserve su cita hoy mismo<\/h2>\n    \n          <p class=\"body-lg mb-32 md:mb-40\">Si no conoce la salud mental en el Centro, le ofrecemos terapia individual, de pareja, familiar y de grupo, as\u00ed como atenci\u00f3n psiqui\u00e1trica, \u00a1v\u00eda telesalud o citas en persona! Nuestro equipo tambi\u00e9n puede ayudarle a navegar por los planes de seguro y otros servicios m\u00e9dicos si es necesario. Llame al n\u00famero que figura a continuaci\u00f3n y pulse la opci\u00f3n tres para empezar.  <\/p>\n    \n          \n  <a   href=\"tel:3239937500\" class=\"button inline-flex items-center justify-center bg-black hover:bg-black-80 active:bg-black active:outline-none disabled:bg-black-60 text-white body-link-sm-bold py-[16px] px-[4px] sm:px-[24px] rounded-[4px] focus:outline focus:outline-offset-4 focus:outline-black text-center min-w-0 !px-24 !py-16\" target=\"\">\n    Reserve su cita en el 323-993-7500          \n<svg class=\"w-24 fill-white ml-10 rotate-[140deg]\" width=\"16\" height=\"16\" viewBox=\"0 0 16 16\" fill=\"none\" xmlns=\"http:\/\/www.w3.org\/2000\/svg\" fill=\"currentColor\">\n  <path fill-rule=\"evenodd\" clip-rule=\"evenodd\" d=\"m5.973 7.063 3.648-3.649L8.207 2l-5.5 5.5L2 8.207l.707.707 5.5 5.5L9.621 13 5.684 9.063h8.328v-2H5.973z\" \/>\n<\/svg>          <\/a>\n      <\/div>\n<\/div><\/section>  \n  <section class=\"w-full my-64\">\n    \n<div class=\"relative\">\n  <div class=\"flex flex-row items-center justify-between mb-40\">\n    <h2 class=\"heading-md leading-none\">\n      Encu\u00e9ntrenos en la cuarta planta    <\/h2>\n      <\/div>\n  <div class=\"grid grid-cols-1 sm:grid-cols-2 gap-40 sm:gap-x-32 sm:gap-y-64\">\n                  \n<div class=\"group\">\n  <div class=\"relative aspect-video rounded-md overflow-hidden\">\n    <!-- thumbnail -->\n    \n\n\n              <img class=\"h-full w-full object-cover aspect-video rounded-md md:group-hover:scale-110 transition-transform pointer-events-none\" src='https:\/\/lalgbtcenter.org\/app\/uploads\/2023\/08\/Website-2023-Locations-McD-W-2-1024x576.jpg' srcset='https:\/\/lalgbtcenter.org\/app\/uploads\/2023\/08\/Website-2023-Locations-McD-W-2-1024x576.jpg 1024w, https:\/\/lalgbtcenter.org\/app\/uploads\/2023\/08\/Website-2023-Locations-McD-W-2-300x169.jpg 300w, https:\/\/lalgbtcenter.org\/app\/uploads\/2023\/08\/Website-2023-Locations-McD-W-2-768x432.jpg 768w, https:\/\/lalgbtcenter.org\/app\/uploads\/2023\/08\/Website-2023-Locations-McD-W-2-1536x864.jpg 1536w, https:\/\/lalgbtcenter.org\/app\/uploads\/2023\/08\/Website-2023-Locations-McD-W-2-2048x1152.jpg 2048w, https:\/\/lalgbtcenter.org\/app\/uploads\/2023\/08\/Website-2023-Locations-McD-W-2-1x1.jpg 1w, https:\/\/lalgbtcenter.org\/app\/uploads\/2023\/08\/Website-2023-Locations-McD-W-2-230x129.jpg 230w, https:\/\/lalgbtcenter.org\/app\/uploads\/2023\/08\/Website-2023-Locations-McD-W-2-550x309.jpg 550w, https:\/\/lalgbtcenter.org\/app\/uploads\/2023\/08\/Website-2023-Locations-McD-W-2-900x506.jpg 900w, https:\/\/lalgbtcenter.org\/app\/uploads\/2023\/08\/Website-2023-Locations-McD-W-2-1130x636.jpg 1130w, https:\/\/lalgbtcenter.org\/app\/uploads\/2023\/08\/Website-2023-Locations-McD-W-2-1280x720.jpg 1280w, https:\/\/lalgbtcenter.org\/app\/uploads\/2023\/08\/Website-2023-Locations-McD-W-2-1460x821.jpg 1460w' alt='' loading='lazy' sizes='(min-width: 834px) 550px, 96vw'>\n      \n    <a draggable=\"false\" class=\"block\" href=\"https:\/\/lalgbtcenter.org\/es\/about\/locations\/edificio-mcdonald-wright\/\">\n      <div class=\"absolute w-full h-full top-0 left-0 flex flex-col justify-end p-24\">\n        <h3 class=\"text-white heading-sm-bold leading-none z-20\">Edificio McDonald\/Wright<\/h3>\n        <div class=\"z-10 absolute w-full bottom-0 left-0 h-full bg-gradient-to-t from-black\/40 to-transparent bg-blend-multiply\"><\/div>\n      <\/div>\n    <\/a>\n  <\/div>\n  <div class=\"flex flex-col gap-8 mt-16\">\n        <div class=\"body-sm line-clamp-3\">\n              El edificio McDonald\/Wright en Schrader es nuestro destino para los servicios de salud y salud mental, as\u00ed como nuestra farmacia.          <\/div>\n          <\/div>\n<\/div>            <\/div>\n<\/div>  <\/section>\n\n\n<section class=\"w-full my-48 md:my-56\">\n  \n  <a href=\"\/formularios-pacientes\/\" target=\"_self\" class=\"group rounded-5 flex flex-col md:flex-row justify-between md:items-center transition-colors bg-white hover:bg-tanDark p-15 md:p-25\">\n    <h5 class=\"heading-sm-bold mb-20 md:mb-0\">\n      \u00bfBusca formularios para pacientes o para inscribirse?    <\/h5>\n          \n  <button  type=\"button\"  class=\"button inline-flex items-center justify-center body-sm-bold pb-2 border-b-2 border-transparent transition hover:border-black focus:outline focus:outline-offset-4 focus:outline-black disabled:bg-black-60 group-hover:border-b-2 group-hover:border-black !justify-start w-fit\" >\n    Haga clic aqu\u00ed          \n<svg class=\"w-12 fill-black rotate-180 ml-10 md:rotate-[140deg]\" width=\"16\" height=\"16\" viewBox=\"0 0 16 16\" fill=\"none\" xmlns=\"http:\/\/www.w3.org\/2000\/svg\" fill=\"currentColor\">\n  <path fill-rule=\"evenodd\" clip-rule=\"evenodd\" d=\"m5.973 7.063 3.648-3.649L8.207 2l-5.5 5.5L2 8.207l.707.707 5.5 5.5L9.621 13 5.684 9.063h8.328v-2H5.973z\" \/>\n<\/svg>          <\/button>\n      <\/a>\n<\/section>\n\n<section class=\"w-full mt-56 mb-80 md:mt-80 md:mb-120\">\n  \n<div class=\"flex flex-col md:flex-row gap-24 md:gap-[10%] items-center md:items-start\">\n      <img class=\"aspect-square rounded-10 object-cover w-full md:w-[50%] h-full md:max-w-[448px]\" src='https:\/\/lalgbtcenter.org\/app\/uploads\/2023\/08\/051323_ZEV_WebsiteShoot_Day1_038-1-683x1024.jpg' srcset='https:\/\/lalgbtcenter.org\/app\/uploads\/2023\/08\/051323_ZEV_WebsiteShoot_Day1_038-1-683x1024.jpg 683w, https:\/\/lalgbtcenter.org\/app\/uploads\/2023\/08\/051323_ZEV_WebsiteShoot_Day1_038-1-200x300.jpg 200w, https:\/\/lalgbtcenter.org\/app\/uploads\/2023\/08\/051323_ZEV_WebsiteShoot_Day1_038-1-768x1152.jpg 768w, https:\/\/lalgbtcenter.org\/app\/uploads\/2023\/08\/051323_ZEV_WebsiteShoot_Day1_038-1-1024x1536.jpg 1024w, https:\/\/lalgbtcenter.org\/app\/uploads\/2023\/08\/051323_ZEV_WebsiteShoot_Day1_038-1-1365x2048.jpg 1365w, https:\/\/lalgbtcenter.org\/app\/uploads\/2023\/08\/051323_ZEV_WebsiteShoot_Day1_038-1-1x1.jpg 1w, https:\/\/lalgbtcenter.org\/app\/uploads\/2023\/08\/051323_ZEV_WebsiteShoot_Day1_038-1-230x345.jpg 230w, https:\/\/lalgbtcenter.org\/app\/uploads\/2023\/08\/051323_ZEV_WebsiteShoot_Day1_038-1-550x825.jpg 550w, https:\/\/lalgbtcenter.org\/app\/uploads\/2023\/08\/051323_ZEV_WebsiteShoot_Day1_038-1-900x1350.jpg 900w, https:\/\/lalgbtcenter.org\/app\/uploads\/2023\/08\/051323_ZEV_WebsiteShoot_Day1_038-1-1130x1695.jpg 1130w, https:\/\/lalgbtcenter.org\/app\/uploads\/2023\/08\/051323_ZEV_WebsiteShoot_Day1_038-1-1280x1920.jpg 1280w, https:\/\/lalgbtcenter.org\/app\/uploads\/2023\/08\/051323_ZEV_WebsiteShoot_Day1_038-1-1460x2190.jpg 1460w, https:\/\/lalgbtcenter.org\/app\/uploads\/2023\/08\/051323_ZEV_WebsiteShoot_Day1_038-1-scaled.jpg 1707w' alt='' loading='lazy' sizes='(min-width: 834px) 450px, 90vw' alt=\"\">\n  \n  <div class=\"w-full my-auto\">\n          <h2 class=\"!p-0 !heading-lg mb-24\">Pr\u00e1cticas y formaci\u00f3n en salud mental<\/h2>\n    \n          <p class=\"body-lg mb-32 md:mb-40\">Si eres un estudiante o postgraduado de MFT, MSW o PsyD apasionado por trabajar y desarrollar experiencia en el tratamiento de personas LGBTQ+, te invitamos a que consideres nuestro Programa de Aprendizaje\/Pr\u00e1cticas en Servicios de Salud Mental.<\/p>\n    \n          \n  <a   href=\"https:\/\/lalgbtcenter.org\/programs\/trainings\/mental-health-internship-training\/\" class=\"button inline-flex items-center justify-center bg-black hover:bg-black-80 active:bg-black active:outline-none disabled:bg-black-60 text-white body-link-sm-bold py-[16px] px-[4px] sm:px-[24px] rounded-[4px] focus:outline focus:outline-offset-4 focus:outline-black text-center min-w-0 !px-24 !py-16\" target=\"\">\n    M\u00e1s informaci\u00f3n          \n<svg class=\"w-24 fill-white ml-10 rotate-[140deg]\" width=\"16\" height=\"16\" viewBox=\"0 0 16 16\" fill=\"none\" xmlns=\"http:\/\/www.w3.org\/2000\/svg\" fill=\"currentColor\">\n  <path fill-rule=\"evenodd\" clip-rule=\"evenodd\" d=\"m5.973 7.063 3.648-3.649L8.207 2l-5.5 5.5L2 8.207l.707.707 5.5 5.5L9.621 13 5.684 9.063h8.328v-2H5.973z\" \/>\n<\/svg>          <\/a>\n      <\/div>\n<\/div><\/section>\n\n<section class=\"container-full-width bg-tanDark\">\n  \n  <div class=\"py-56 lg:py-64 relative\">\n    <div class=\"container\">\n      <div class=\"pb-25 lg:pb-40\">\n        <h4 class=\"heading-lg\">\n          Le puede interesar        <\/h4>\n      <\/div>\n    <\/div>\n\n    <div class=\"container\">\n      <div class=\"grid md:grid-cols-2 gap-24 md:gap-32\">\n        \n          <div class=\"aspect-video overflow-hidden rounded-lg relative heir-img:hover:scale-110 heir-img:transition-transform\">\n                          <a href=\"https:\/\/lalgbtcenter.org\/es\/services\/servicios-medicos\/atencion-primaria\/\">\n                <h4 class=\"absolute z-10 bottom-24 left-24 heading-sm-bold text-white\">Atenci\u00f3n primaria<\/h4>\n                                                    <img class=\"w-full aspect-video rounded-lg object-cover\" src='https:\/\/lalgbtcenter.org\/app\/uploads\/2023\/07\/services-mental-health-psychiatry-services-psychiatry-primarycare-recirc-1024x577.png' srcset='https:\/\/lalgbtcenter.org\/app\/uploads\/2023\/07\/services-mental-health-psychiatry-services-psychiatry-primarycare-recirc-1024x577.png 1024w, https:\/\/lalgbtcenter.org\/app\/uploads\/2023\/07\/services-mental-health-psychiatry-services-psychiatry-primarycare-recirc-300x169.png 300w, https:\/\/lalgbtcenter.org\/app\/uploads\/2023\/07\/services-mental-health-psychiatry-services-psychiatry-primarycare-recirc-768x433.png 768w, https:\/\/lalgbtcenter.org\/app\/uploads\/2023\/07\/services-mental-health-psychiatry-services-psychiatry-primarycare-recirc-1x1.png 1w, https:\/\/lalgbtcenter.org\/app\/uploads\/2023\/07\/services-mental-health-psychiatry-services-psychiatry-primarycare-recirc-230x130.png 230w, https:\/\/lalgbtcenter.org\/app\/uploads\/2023\/07\/services-mental-health-psychiatry-services-psychiatry-primarycare-recirc-550x310.png 550w, https:\/\/lalgbtcenter.org\/app\/uploads\/2023\/07\/services-mental-health-psychiatry-services-psychiatry-primarycare-recirc-900x507.png 900w, https:\/\/lalgbtcenter.org\/app\/uploads\/2023\/07\/services-mental-health-psychiatry-services-psychiatry-primarycare-recirc.png 1090w' alt='' loading='lazy' sizes='(min-width: 834px) 545px, 92vw'>\n                                <div class=\"w-full h-1\/2 rounded-lg bg-gradient-to-t from-black to-transparent absolute bottom-0\"><\/div>\n              <\/a>\n                      <\/div>\n        \n          <div class=\"aspect-video overflow-hidden rounded-lg relative heir-img:hover:scale-110 heir-img:transition-transform\">\n                          <a href=\"https:\/\/lalgbtcenter.org\/es\/services\/servicios-medicos\/programa-de-salud-audre-lorde\/\">\n                <h4 class=\"absolute z-10 bottom-24 left-24 heading-sm-bold text-white\">Programa de Salud Audre Lorde<\/h4>\n                                                    <img class=\"w-full aspect-video rounded-lg object-cover\" src='https:\/\/lalgbtcenter.org\/app\/uploads\/2023\/08\/032823_GalaSizzle_Stills_0883-1024x683.jpg' srcset='https:\/\/lalgbtcenter.org\/app\/uploads\/2023\/08\/032823_GalaSizzle_Stills_0883-1024x683.jpg 1024w, https:\/\/lalgbtcenter.org\/app\/uploads\/2023\/08\/032823_GalaSizzle_Stills_0883-300x200.jpg 300w, https:\/\/lalgbtcenter.org\/app\/uploads\/2023\/08\/032823_GalaSizzle_Stills_0883-768x512.jpg 768w, https:\/\/lalgbtcenter.org\/app\/uploads\/2023\/08\/032823_GalaSizzle_Stills_0883-1536x1024.jpg 1536w, https:\/\/lalgbtcenter.org\/app\/uploads\/2023\/08\/032823_GalaSizzle_Stills_0883-2048x1365.jpg 2048w, https:\/\/lalgbtcenter.org\/app\/uploads\/2023\/08\/032823_GalaSizzle_Stills_0883-1x1.jpg 1w, https:\/\/lalgbtcenter.org\/app\/uploads\/2023\/08\/032823_GalaSizzle_Stills_0883-230x153.jpg 230w, https:\/\/lalgbtcenter.org\/app\/uploads\/2023\/08\/032823_GalaSizzle_Stills_0883-550x367.jpg 550w, https:\/\/lalgbtcenter.org\/app\/uploads\/2023\/08\/032823_GalaSizzle_Stills_0883-900x600.jpg 900w, https:\/\/lalgbtcenter.org\/app\/uploads\/2023\/08\/032823_GalaSizzle_Stills_0883-1130x753.jpg 1130w, https:\/\/lalgbtcenter.org\/app\/uploads\/2023\/08\/032823_GalaSizzle_Stills_0883-1280x853.jpg 1280w, https:\/\/lalgbtcenter.org\/app\/uploads\/2023\/08\/032823_GalaSizzle_Stills_0883-1460x973.jpg 1460w' alt='' loading='lazy' sizes='(min-width: 834px) 545px, 92vw'>\n                                <div class=\"w-full h-1\/2 rounded-lg bg-gradient-to-t from-black to-transparent absolute bottom-0\"><\/div>\n              <\/a>\n                      <\/div>\n              <\/div>\n    <\/div>\n  <\/div>\n<\/section>","protected":false},"excerpt":{"rendered":"<p>Nuestro equipo adopta un enfoque centrado en el paciente que trata una gama completa de necesidades de salud mental.  <\/p>\n","protected":false},"author":2,"featured_media":21196,"parent":22379,"menu_order":0,"template":"","categories":[],"tags":[],"class_list":["post-22365","services","type-services","status-publish","has-post-thumbnail","hentry"],"acf":[],"yoast_head":"<!-- This site is optimized with the Yoast SEO plugin v20.13 - https:\/\/yoast.com\/wordpress\/plugins\/seo\/ -->\n<title>Psiquiatr\u00eda para la comunidad LGBTQ+ en el Los Angeles LGBT Center.<\/title>\n<meta name=\"description\" content=\"La psiquiatr\u00eda para la comunidad LGBTQ+ significa aportar pasi\u00f3n y experiencia a partes iguales a la atenci\u00f3n psiqui\u00e1trica. El Centro apoya que se d\u00e9 prioridad a ambas cosas.\" \/>\n<meta name=\"robots\" content=\"index, follow, max-snippet:-1, max-image-preview:large, max-video-preview:-1\" \/>\n<link rel=\"canonical\" href=\"https:\/\/lalgbtcenter.org\/es\/services\/servicios-de-salud-mental-y-psiquiatria\/psiquiatria\/\" \/>\n<meta property=\"og:locale\" content=\"es_ES\" \/>\n<meta property=\"og:type\" content=\"article\" \/>\n<meta property=\"og:title\" content=\"Psiquiatr\u00eda para la comunidad LGBTQ+ en el Los Angeles LGBT Center.\" \/>\n<meta property=\"og:description\" content=\"La psiquiatr\u00eda para la comunidad LGBTQ+ significa aportar pasi\u00f3n y experiencia a partes iguales a la atenci\u00f3n psiqui\u00e1trica. El Centro apoya que se d\u00e9 prioridad a ambas cosas.\" \/>\n<meta property=\"og:url\" content=\"https:\/\/lalgbtcenter.org\/es\/services\/servicios-de-salud-mental-y-psiquiatria\/psiquiatria\/\" \/>\n<meta property=\"og:site_name\" content=\"Los Angeles LGBT Center\" \/>\n<meta property=\"article:modified_time\" content=\"2024-04-10T20:07:42+00:00\" \/>\n<meta property=\"og:image\" content=\"https:\/\/lalgbtcenter.org\/app\/uploads\/2023\/08\/RP_LALGBT_20230513-CENTER-2023-WEBSITE-TRAVIS-CHANTAR-1323-scaled.jpg\" \/>\n\t<meta property=\"og:image:width\" content=\"1920\" \/>\n\t<meta property=\"og:image:height\" content=\"2560\" \/>\n\t<meta property=\"og:image:type\" content=\"image\/jpeg\" \/>\n<meta name=\"twitter:card\" content=\"summary_large_image\" \/>\n<script type=\"application\/ld+json\" class=\"yoast-schema-graph\">{\"@context\":\"https:\/\/schema.org\",\"@graph\":[{\"@type\":\"WebPage\",\"@id\":\"https:\/\/lalgbtcenter.org\/es\/services\/servicios-de-salud-mental-y-psiquiatria\/psiquiatria\/\",\"url\":\"https:\/\/lalgbtcenter.org\/es\/services\/servicios-de-salud-mental-y-psiquiatria\/psiquiatria\/\",\"name\":\"Psiquiatr\u00eda para la comunidad LGBTQ+ en el Los Angeles LGBT Center.\",\"isPartOf\":{\"@id\":\"https:\/\/dev-lalgbtcenter.pantheonsite.io\/#website\"},\"datePublished\":\"2023-07-12T21:18:00+00:00\",\"dateModified\":\"2024-04-10T20:07:42+00:00\",\"description\":\"La psiquiatr\u00eda para la comunidad LGBTQ+ significa aportar pasi\u00f3n y experiencia a partes iguales a la atenci\u00f3n psiqui\u00e1trica. El Centro apoya que se d\u00e9 prioridad a ambas cosas.\",\"breadcrumb\":{\"@id\":\"https:\/\/lalgbtcenter.org\/es\/services\/servicios-de-salud-mental-y-psiquiatria\/psiquiatria\/#breadcrumb\"},\"inLanguage\":\"es-ES\",\"potentialAction\":[{\"@type\":\"ReadAction\",\"target\":[\"https:\/\/lalgbtcenter.org\/es\/services\/servicios-de-salud-mental-y-psiquiatria\/psiquiatria\/\"]}]},{\"@type\":\"BreadcrumbList\",\"@id\":\"https:\/\/lalgbtcenter.org\/es\/services\/servicios-de-salud-mental-y-psiquiatria\/psiquiatria\/#breadcrumb\",\"itemListElement\":[{\"@type\":\"ListItem\",\"position\":1,\"name\":\"Servicios\",\"item\":\"https:\/\/lalgbtcenter.org\/es\/services\/\"},{\"@type\":\"ListItem\",\"position\":2,\"name\":\"Servicios de salud mental y psiquiatr\u00eda\",\"item\":\"https:\/\/lalgbtcenter.org\/es\/services\/servicios-de-salud-mental-y-psiquiatria\/\"},{\"@type\":\"ListItem\",\"position\":3,\"name\":\"Psiquiatr\u00eda\"}]},{\"@type\":\"WebSite\",\"@id\":\"https:\/\/dev-lalgbtcenter.pantheonsite.io\/#website\",\"url\":\"https:\/\/dev-lalgbtcenter.pantheonsite.io\/\",\"name\":\"Los Angeles LGBT Center\",\"description\":\"\",\"potentialAction\":[{\"@type\":\"SearchAction\",\"target\":{\"@type\":\"EntryPoint\",\"urlTemplate\":\"https:\/\/dev-lalgbtcenter.pantheonsite.io\/?s={search_term_string}\"},\"query-input\":\"required name=search_term_string\"}],\"inLanguage\":\"es-ES\"}]}<\/script>\n<!-- \/ Yoast SEO plugin. -->","yoast_head_json":{"title":"Psiquiatr\u00eda para la comunidad LGBTQ+ en el Los Angeles LGBT Center.","description":"La psiquiatr\u00eda para la comunidad LGBTQ+ significa aportar pasi\u00f3n y experiencia a partes iguales a la atenci\u00f3n psiqui\u00e1trica. El Centro apoya que se d\u00e9 prioridad a ambas cosas.","robots":{"index":"index","follow":"follow","max-snippet":"max-snippet:-1","max-image-preview":"max-image-preview:large","max-video-preview":"max-video-preview:-1"},"canonical":"https:\/\/lalgbtcenter.org\/es\/services\/servicios-de-salud-mental-y-psiquiatria\/psiquiatria\/","og_locale":"es_ES","og_type":"article","og_title":"Psiquiatr\u00eda para la comunidad LGBTQ+ en el Los Angeles LGBT Center.","og_description":"La psiquiatr\u00eda para la comunidad LGBTQ+ significa aportar pasi\u00f3n y experiencia a partes iguales a la atenci\u00f3n psiqui\u00e1trica. El Centro apoya que se d\u00e9 prioridad a ambas cosas.","og_url":"https:\/\/lalgbtcenter.org\/es\/services\/servicios-de-salud-mental-y-psiquiatria\/psiquiatria\/","og_site_name":"Los Angeles LGBT Center","article_modified_time":"2024-04-10T20:07:42+00:00","og_image":[{"width":1920,"height":2560,"url":"https:\/\/lalgbtcenter.org\/app\/uploads\/2023\/08\/RP_LALGBT_20230513-CENTER-2023-WEBSITE-TRAVIS-CHANTAR-1323-scaled.jpg","type":"image\/jpeg"}],"twitter_card":"summary_large_image","schema":{"@context":"https:\/\/schema.org","@graph":[{"@type":"WebPage","@id":"https:\/\/lalgbtcenter.org\/es\/services\/servicios-de-salud-mental-y-psiquiatria\/psiquiatria\/","url":"https:\/\/lalgbtcenter.org\/es\/services\/servicios-de-salud-mental-y-psiquiatria\/psiquiatria\/","name":"Psiquiatr\u00eda para la comunidad LGBTQ+ en el Los Angeles LGBT Center.","isPartOf":{"@id":"https:\/\/dev-lalgbtcenter.pantheonsite.io\/#website"},"datePublished":"2023-07-12T21:18:00+00:00","dateModified":"2024-04-10T20:07:42+00:00","description":"La psiquiatr\u00eda para la comunidad LGBTQ+ significa aportar pasi\u00f3n y experiencia a partes iguales a la atenci\u00f3n psiqui\u00e1trica. El Centro apoya que se d\u00e9 prioridad a ambas cosas.","breadcrumb":{"@id":"https:\/\/lalgbtcenter.org\/es\/services\/servicios-de-salud-mental-y-psiquiatria\/psiquiatria\/#breadcrumb"},"inLanguage":"es-ES","potentialAction":[{"@type":"ReadAction","target":["https:\/\/lalgbtcenter.org\/es\/services\/servicios-de-salud-mental-y-psiquiatria\/psiquiatria\/"]}]},{"@type":"BreadcrumbList","@id":"https:\/\/lalgbtcenter.org\/es\/services\/servicios-de-salud-mental-y-psiquiatria\/psiquiatria\/#breadcrumb","itemListElement":[{"@type":"ListItem","position":1,"name":"Servicios","item":"https:\/\/lalgbtcenter.org\/es\/services\/"},{"@type":"ListItem","position":2,"name":"Servicios de salud mental y psiquiatr\u00eda","item":"https:\/\/lalgbtcenter.org\/es\/services\/servicios-de-salud-mental-y-psiquiatria\/"},{"@type":"ListItem","position":3,"name":"Psiquiatr\u00eda"}]},{"@type":"WebSite","@id":"https:\/\/dev-lalgbtcenter.pantheonsite.io\/#website","url":"https:\/\/dev-lalgbtcenter.pantheonsite.io\/","name":"Los Angeles LGBT Center","description":"","potentialAction":[{"@type":"SearchAction","target":{"@type":"EntryPoint","urlTemplate":"https:\/\/dev-lalgbtcenter.pantheonsite.io\/?s={search_term_string}"},"query-input":"required name=search_term_string"}],"inLanguage":"es-ES"}]}},"_links":{"self":[{"href":"https:\/\/lalgbtcenter.org\/es\/wp-json\/wp\/v2\/services\/22365"}],"collection":[{"href":"https:\/\/lalgbtcenter.org\/es\/wp-json\/wp\/v2\/services"}],"about":[{"href":"https:\/\/lalgbtcenter.org\/es\/wp-json\/wp\/v2\/types\/services"}],"author":[{"embeddable":true,"href":"https:\/\/lalgbtcenter.org\/es\/wp-json\/wp\/v2\/users\/2"}],"up":[{"embeddable":true,"href":"https:\/\/lalgbtcenter.org\/es\/wp-json\/wp\/v2\/services\/22379"}],"wp:featuredmedia":[{"embeddable":true,"href":"https:\/\/lalgbtcenter.org\/es\/wp-json\/wp\/v2\/media\/21196"}],"wp:attachment":[{"href":"https:\/\/lalgbtcenter.org\/es\/wp-json\/wp\/v2\/media?parent=22365"}],"wp:term":[{"taxonomy":"category","embeddable":true,"href":"https:\/\/lalgbtcenter.org\/es\/wp-json\/wp\/v2\/categories?post=22365"},{"taxonomy":"post_tag","embeddable":true,"href":"https:\/\/lalgbtcenter.org\/es\/wp-json\/wp\/v2\/tags?post=22365"}],"curies":[{"name":"wp","href":"https:\/\/api.w.org\/{rel}","templated":true}]}}