{"id":22465,"date":"2023-08-15T15:53:00","date_gmt":"2023-08-15T22:53:00","guid":{"rendered":"https:\/\/lalgbtcenter.org\/about\/locations\/campus-anita-may-rosenstein\/"},"modified":"2024-04-10T13:08:17","modified_gmt":"2024-04-10T20:08:17","slug":"campus-anita-may-rosenstein","status":"publish","type":"locations","link":"https:\/\/lalgbtcenter.org\/es\/about\/locations\/campus-anita-may-rosenstein\/","title":{"rendered":"Campus Anita May Rosenstein"},"content":{"rendered":"\n\n<section class=\"container-full-width mt-64 mb-32 relative\">\n  \n<div class=\"relative\">\n    <div class=\"container relative\">\n    <div class=\"grid grid-cols-1 md:grid-cols-2 gap-24 md:gap-160\">\n      <div class=\"relative flex flex-col gap-4 md:gap-20\">\n                  <div class=\"body-legal leading-none\">Ubicaciones<\/div>\n                          <h1 class=\"heading-xl uppercase\">Campus Anita May Rosenstein<\/h1>\n              <\/div>\n      <div class=\"flex flex-col gap-24 md:gap-32 items-start\">\n                  <div class=\"body-md heir-a:underline rich-text\"><p>Justo a tiempo para nuestro 50 aniversario, el Centro LGBT de Los \u00c1ngeles celebr\u00f3 la gran inauguraci\u00f3n del Campus Anita May Rosenstein de dos acres, un complejo sin precedentes dise\u00f1ado como sede de nuestra administraci\u00f3n y hogar de nuestros Servicios para J\u00f3venes y Mayores. Nuestro campus se hizo realidad gracias a los m\u00e1s de 350 donantes de la campa\u00f1a de capital y a la cifra r\u00e9cord de 15 donaciones de siete cifras. Estamos especialmente agradecidos a su hom\u00f3nima: Anita May Rosenstein, colaboradora del Centro desde hace muchos a\u00f1os, por su donaci\u00f3n hist\u00f3rica para hacer posible este edificio.<\/p>\n<\/div>\n                      <\/div>\n    <\/div>\n  <\/div>\n<\/div><\/section>\n<figure class=\"wp-block-image size-large\"><img loading=\"lazy\" decoding=\"async\" width=\"1024\" height=\"456\" src=\"https:\/\/lalgbtcenter.org\/wp-content\/uploads\/2023\/07\/LGBT-Center_AMRC-September-2019_2560x1140-1024x456.jpg\" alt=\"Exterior del Campus Anita May Rosenstein desde Santa Monica Blvd.\" class=\"wp-image-13787\" srcset=\"https:\/\/lalgbtcenter.org\/app\/uploads\/2023\/07\/LGBT-Center_AMRC-September-2019_2560x1140-1024x456.jpg 1024w, https:\/\/lalgbtcenter.org\/app\/uploads\/2023\/07\/LGBT-Center_AMRC-September-2019_2560x1140-300x134.jpg 300w, https:\/\/lalgbtcenter.org\/app\/uploads\/2023\/07\/LGBT-Center_AMRC-September-2019_2560x1140-768x342.jpg 768w, https:\/\/lalgbtcenter.org\/app\/uploads\/2023\/07\/LGBT-Center_AMRC-September-2019_2560x1140-1536x684.jpg 1536w, https:\/\/lalgbtcenter.org\/app\/uploads\/2023\/07\/LGBT-Center_AMRC-September-2019_2560x1140-2048x912.jpg 2048w, https:\/\/lalgbtcenter.org\/app\/uploads\/2023\/07\/LGBT-Center_AMRC-September-2019_2560x1140-1x1.jpg 1w, https:\/\/lalgbtcenter.org\/app\/uploads\/2023\/07\/LGBT-Center_AMRC-September-2019_2560x1140-770x343.jpg 770w, https:\/\/lalgbtcenter.org\/app\/uploads\/2023\/07\/LGBT-Center_AMRC-September-2019_2560x1140-850x379.jpg 850w, https:\/\/lalgbtcenter.org\/app\/uploads\/2023\/07\/LGBT-Center_AMRC-September-2019_2560x1140-910x405.jpg 910w, https:\/\/lalgbtcenter.org\/app\/uploads\/2023\/07\/LGBT-Center_AMRC-September-2019_2560x1140-1100x490.jpg 1100w, https:\/\/lalgbtcenter.org\/app\/uploads\/2023\/07\/LGBT-Center_AMRC-September-2019_2560x1140-1200x534.jpg 1200w, https:\/\/lalgbtcenter.org\/app\/uploads\/2023\/07\/LGBT-Center_AMRC-September-2019_2560x1140-1460x650.jpg 1460w\" sizes=\"(max-width: 1024px) 100vw, 1024px\" \/><\/figure>\n\n<h4 class=\"wp-block-heading\">El Campus Anita May Rosenstein cuenta con varias sedes, como el Centro de Mayores, el Centro Juvenil, el Sal\u00f3n del Orgullo y la Cafeter\u00eda Liberaci\u00f3n. Tambi\u00e9n hay un aparcamiento en la direcci\u00f3n que se indica m\u00e1s abajo.  <\/h4>\n\n\n  <section class=\"block block-copy-with-icons mt-56 mb-56 sm:mt-80 sm:mb-80\">\n    <h3 class=\"heading-lg sm:heading-md mb-32 sm:mb-40\">Horario de atenci\u00f3n al p\u00fablico<\/h3>\n    <div class=\"grid grid-cols-1 sm:flex gap-[40px] sm:gap-[128px]\">\n              <div class=\"flex flex-col w-full\">\n          <h4 class=\"heading-sm-bold mb-8\">Se requiere cita previa para acceder al edificio administrativo del Centro.<\/h4>\n          <div class=\"body-md mb-20\">Para acceder al aparcamiento, la informaci\u00f3n est\u00e1 m\u00e1s abajo. Se ofrece validaci\u00f3n a los clientes de la Cafeter\u00eda Liberaci\u00f3n.<\/div>\n          <div class=\"mb-0\">\n                          <a class=\"flex items-center hover:[&#038;[href]]:underline body-sm mb-12\" href=\"https:\/\/gooa.gl\/maps\/keiXwHGRnApCoWrG8\" target=\"_self\">\n                <span class=\"basis-[16px] grow-0 shrink-0 mr-12\"><img decoding=\"async\" class=\"w-full\" src=\"\/wp-content\/themes\/la-lgbt\/images\/icons\/ubicaci\u00f3n-icon.svg\" alt=\"ubicaci\u00f3n\"><\/span>\n                <span>1118 N. McCadden Pl., Los \u00c1ngeles, CA 90038<span>\n              <\/a>\n                          <a class=\"flex items-center hover:[&#038;[href]]:underline body-sm mb-12\" href=\"tel:323-993-7400\" target=\"_self\">\n                <span class=\"basis-[16px] grow-0 shrink-0 mr-12\"><img decoding=\"async\" class=\"w-full\" src=\"\/wp-content\/themes\/la-lgbt\/images\/icons\/tel\u00e9fono-icon.svg\" alt=\"tel\u00e9fono\"><\/span>\n                <span>323-860-3712<span>\n              <\/a>\n                      <\/div>\n        <\/div>\n              <div class=\"flex flex-col w-full\">\n          <h4 class=\"heading-sm-bold mb-8\"><\/h4>\n          <div class=\"body-md mb-20\">Para acceder a la entrada principal de nuestro edificio administrativo:<\/div>\n          <div class=\"mb-0\">\n                          <a class=\"flex items-center hover:[&#038;[href]]:underline body-sm mb-12\" href=\"https:\/\/goo.gl\/maps\/9QvkxwtFMbCPCruf7\" target=\"_self\">\n                <span class=\"basis-[16px] grow-0 shrink-0 mr-12\"><img decoding=\"async\" class=\"w-full\" src=\"\/wp-content\/themes\/la-lgbt\/images\/icons\/ubicaci\u00f3n-icon.svg\" alt=\"ubicaci\u00f3n\"><\/span>\n                <span>6725 Santa Monica Blvd., Los \u00c1ngeles, CA 90038<span>\n              <\/a>\n                          <a class=\"flex items-center hover:[&#038;[href]]:underline body-sm mb-12\" href=\"tel:3238603712\" target=\"_self\">\n                <span class=\"basis-[16px] grow-0 shrink-0 mr-12\"><img decoding=\"async\" class=\"w-full\" src=\"\/wp-content\/themes\/la-lgbt\/images\/icons\/tel\u00e9fono-icon.svg\" alt=\"tel\u00e9fono\"><\/span>\n                <span>323-860-3712<span>\n              <\/a>\n                      <\/div>\n        <\/div>\n          <\/div>\n  <\/section>\n  \n  <section class=\"w-full my-64\">\n    \n<div class=\"relative\">\n  <div class=\"flex flex-row items-center justify-between mb-40\">\n    <h2 class=\"heading-md leading-none\">\n      En el Campus Anita May Rosenstein encontrar\u00e1 lo siguiente    <\/h2>\n      <\/div>\n  <div class=\"grid grid-cols-1 sm:grid-cols-2 gap-40 sm:gap-x-32 sm:gap-y-64\">\n                  \n<div class=\"group\">\n  <div class=\"relative aspect-video rounded-md overflow-hidden\">\n    <!-- thumbnail -->\n    \n\n\n              <img class=\"h-full w-full object-cover aspect-video rounded-md md:group-hover:scale-110 transition-transform pointer-events-none\" src='https:\/\/lalgbtcenter.org\/app\/uploads\/2023\/08\/LGBT-Center_September-20195-1024x640.jpg' srcset='https:\/\/lalgbtcenter.org\/app\/uploads\/2023\/08\/LGBT-Center_September-20195-1024x640.jpg 1024w, https:\/\/lalgbtcenter.org\/app\/uploads\/2023\/08\/LGBT-Center_September-20195-300x188.jpg 300w, https:\/\/lalgbtcenter.org\/app\/uploads\/2023\/08\/LGBT-Center_September-20195-768x480.jpg 768w, https:\/\/lalgbtcenter.org\/app\/uploads\/2023\/08\/LGBT-Center_September-20195-1536x960.jpg 1536w, https:\/\/lalgbtcenter.org\/app\/uploads\/2023\/08\/LGBT-Center_September-20195-1x1.jpg 1w, https:\/\/lalgbtcenter.org\/app\/uploads\/2023\/08\/LGBT-Center_September-20195-230x144.jpg 230w, https:\/\/lalgbtcenter.org\/app\/uploads\/2023\/08\/LGBT-Center_September-20195-550x344.jpg 550w, https:\/\/lalgbtcenter.org\/app\/uploads\/2023\/08\/LGBT-Center_September-20195-900x563.jpg 900w, https:\/\/lalgbtcenter.org\/app\/uploads\/2023\/08\/LGBT-Center_September-20195-1130x706.jpg 1130w, https:\/\/lalgbtcenter.org\/app\/uploads\/2023\/08\/LGBT-Center_September-20195-1280x800.jpg 1280w, https:\/\/lalgbtcenter.org\/app\/uploads\/2023\/08\/LGBT-Center_September-20195-1460x913.jpg 1460w, https:\/\/lalgbtcenter.org\/app\/uploads\/2023\/08\/LGBT-Center_September-20195.jpg 1920w' alt='' loading='lazy' sizes='(min-width: 834px) 550px, 96vw'>\n      \n    <a draggable=\"false\" class=\"block\" href=\"https:\/\/lalgbtcenter.org\/es\/about\/locations\/centro-juvenil-y-vivienda-para-jovenes\/\">\n      <div class=\"absolute w-full h-full top-0 left-0 flex flex-col justify-end p-24\">\n        <h3 class=\"text-white heading-sm-bold leading-none z-20\">Centro Juvenil y Vivienda para J\u00f3venes<\/h3>\n        <div class=\"z-10 absolute w-full bottom-0 left-0 h-full bg-gradient-to-t from-black\/40 to-transparent bg-blend-multiply\"><\/div>\n      <\/div>\n    <\/a>\n  <\/div>\n  <div class=\"flex flex-col gap-8 mt-16\">\n        <div class=\"body-sm line-clamp-3\">\n              El Centro Juvenil atiende a j\u00f3venes de entre 16 y 24 a\u00f1os que corren el riesgo de quedarse sin hogar o sufren inestabilidad en la vivienda, o que ya lo est\u00e1n pasando.            <\/div>\n          <\/div>\n<\/div>              \n<div class=\"group\">\n  <div class=\"relative aspect-video rounded-md overflow-hidden\">\n    <!-- thumbnail -->\n    \n\n\n              <img class=\"h-full w-full object-cover aspect-video rounded-md md:group-hover:scale-110 transition-transform pointer-events-none\" src='https:\/\/lalgbtcenter.org\/app\/uploads\/2023\/08\/Staud_200726_0280v2-1024x723.jpg' srcset='https:\/\/lalgbtcenter.org\/app\/uploads\/2023\/08\/Staud_200726_0280v2-1024x723.jpg 1024w, https:\/\/lalgbtcenter.org\/app\/uploads\/2023\/08\/Staud_200726_0280v2-300x212.jpg 300w, https:\/\/lalgbtcenter.org\/app\/uploads\/2023\/08\/Staud_200726_0280v2-768x542.jpg 768w, https:\/\/lalgbtcenter.org\/app\/uploads\/2023\/08\/Staud_200726_0280v2-1536x1084.jpg 1536w, https:\/\/lalgbtcenter.org\/app\/uploads\/2023\/08\/Staud_200726_0280v2-1x1.jpg 1w, https:\/\/lalgbtcenter.org\/app\/uploads\/2023\/08\/Staud_200726_0280v2-230x162.jpg 230w, https:\/\/lalgbtcenter.org\/app\/uploads\/2023\/08\/Staud_200726_0280v2-550x388.jpg 550w, https:\/\/lalgbtcenter.org\/app\/uploads\/2023\/08\/Staud_200726_0280v2-900x635.jpg 900w, https:\/\/lalgbtcenter.org\/app\/uploads\/2023\/08\/Staud_200726_0280v2-1130x798.jpg 1130w, https:\/\/lalgbtcenter.org\/app\/uploads\/2023\/08\/Staud_200726_0280v2-1280x904.jpg 1280w, https:\/\/lalgbtcenter.org\/app\/uploads\/2023\/08\/Staud_200726_0280v2-1460x1031.jpg 1460w, https:\/\/lalgbtcenter.org\/app\/uploads\/2023\/08\/Staud_200726_0280v2.jpg 2000w' alt='' loading='lazy' sizes='(min-width: 834px) 550px, 96vw'>\n      \n    <a draggable=\"false\" class=\"block\" href=\"https:\/\/lalgbtcenter.org\/es\/about\/locations\/cafeteria-liberation\/\">\n      <div class=\"absolute w-full h-full top-0 left-0 flex flex-col justify-end p-24\">\n        <h3 class=\"text-white heading-sm-bold leading-none z-20\">Cafeter\u00eda Liberation<\/h3>\n        <div class=\"z-10 absolute w-full bottom-0 left-0 h-full bg-gradient-to-t from-black\/40 to-transparent bg-blend-multiply\"><\/div>\n      <\/div>\n    <\/a>\n  <\/div>\n  <div class=\"flex flex-col gap-8 mt-16\">\n        <div class=\"body-sm line-clamp-3\">\n              Nuestra cafeter\u00eda y espacio comunitario est\u00e1 gestionado y atendido por graduados del programa intergeneracional de Artes Culinarias del Centro.          <\/div>\n          <\/div>\n<\/div>              \n<div class=\"group\">\n  <div class=\"relative aspect-video rounded-md overflow-hidden\">\n    <!-- thumbnail -->\n    \n\n\n              <img class=\"h-full w-full object-cover aspect-video rounded-md md:group-hover:scale-110 transition-transform pointer-events-none\" src='https:\/\/lalgbtcenter.org\/app\/uploads\/2023\/08\/senior-housing-1024x640.jpeg' srcset='https:\/\/lalgbtcenter.org\/app\/uploads\/2023\/08\/senior-housing-1024x640.jpeg 1024w, https:\/\/lalgbtcenter.org\/app\/uploads\/2023\/08\/senior-housing-300x188.jpeg 300w, https:\/\/lalgbtcenter.org\/app\/uploads\/2023\/08\/senior-housing-768x480.jpeg 768w, https:\/\/lalgbtcenter.org\/app\/uploads\/2023\/08\/senior-housing-1536x960.jpeg 1536w, https:\/\/lalgbtcenter.org\/app\/uploads\/2023\/08\/senior-housing-1x1.jpeg 1w, https:\/\/lalgbtcenter.org\/app\/uploads\/2023\/08\/senior-housing-230x144.jpeg 230w, https:\/\/lalgbtcenter.org\/app\/uploads\/2023\/08\/senior-housing-550x344.jpeg 550w, https:\/\/lalgbtcenter.org\/app\/uploads\/2023\/08\/senior-housing-900x563.jpeg 900w, https:\/\/lalgbtcenter.org\/app\/uploads\/2023\/08\/senior-housing-1130x706.jpeg 1130w, https:\/\/lalgbtcenter.org\/app\/uploads\/2023\/08\/senior-housing-1280x800.jpeg 1280w, https:\/\/lalgbtcenter.org\/app\/uploads\/2023\/08\/senior-housing-1460x913.jpeg 1460w, https:\/\/lalgbtcenter.org\/app\/uploads\/2023\/08\/senior-housing.jpeg 1920w' alt='' loading='lazy' sizes='(min-width: 834px) 550px, 96vw'>\n      \n    <a draggable=\"false\" class=\"block\" href=\"https:\/\/lalgbtcenter.org\/es\/about\/locations\/centro-de-mayores-y-viviendas-para-mayores\/\">\n      <div class=\"absolute w-full h-full top-0 left-0 flex flex-col justify-end p-24\">\n        <h3 class=\"text-white heading-sm-bold leading-none z-20\">Centro de mayores y viviendas para mayores<\/h3>\n        <div class=\"z-10 absolute w-full bottom-0 left-0 h-full bg-gradient-to-t from-black\/40 to-transparent bg-blend-multiply\"><\/div>\n      <\/div>\n    <\/a>\n  <\/div>\n  <div class=\"flex flex-col gap-8 mt-16\">\n        <div class=\"body-sm line-clamp-3\">\n              Gestionamos un acogedor Centro de Mayores que ofrece servicios vitales, adem\u00e1s de orientaci\u00f3n en materia de vivienda y alojamiento asequible para personas mayores LGBTQ+.          <\/div>\n          <\/div>\n<\/div>              \n<div class=\"group\">\n  <div class=\"relative aspect-video rounded-md overflow-hidden\">\n    <!-- thumbnail -->\n    \n\n\n              <img class=\"h-full w-full object-cover aspect-video rounded-md md:group-hover:scale-110 transition-transform pointer-events-none\" src='https:\/\/lalgbtcenter.org\/app\/uploads\/2023\/08\/Website-2023-Locations-Village-1-1024x576.jpg' srcset='https:\/\/lalgbtcenter.org\/app\/uploads\/2023\/08\/Website-2023-Locations-Village-1-1024x576.jpg 1024w, https:\/\/lalgbtcenter.org\/app\/uploads\/2023\/08\/Website-2023-Locations-Village-1-300x169.jpg 300w, https:\/\/lalgbtcenter.org\/app\/uploads\/2023\/08\/Website-2023-Locations-Village-1-768x432.jpg 768w, https:\/\/lalgbtcenter.org\/app\/uploads\/2023\/08\/Website-2023-Locations-Village-1-1536x864.jpg 1536w, https:\/\/lalgbtcenter.org\/app\/uploads\/2023\/08\/Website-2023-Locations-Village-1-2048x1152.jpg 2048w, https:\/\/lalgbtcenter.org\/app\/uploads\/2023\/08\/Website-2023-Locations-Village-1-1x1.jpg 1w, https:\/\/lalgbtcenter.org\/app\/uploads\/2023\/08\/Website-2023-Locations-Village-1-230x129.jpg 230w, https:\/\/lalgbtcenter.org\/app\/uploads\/2023\/08\/Website-2023-Locations-Village-1-550x309.jpg 550w, https:\/\/lalgbtcenter.org\/app\/uploads\/2023\/08\/Website-2023-Locations-Village-1-900x506.jpg 900w, https:\/\/lalgbtcenter.org\/app\/uploads\/2023\/08\/Website-2023-Locations-Village-1-1130x636.jpg 1130w, https:\/\/lalgbtcenter.org\/app\/uploads\/2023\/08\/Website-2023-Locations-Village-1-1280x720.jpg 1280w, https:\/\/lalgbtcenter.org\/app\/uploads\/2023\/08\/Website-2023-Locations-Village-1-1460x821.jpg 1460w' alt='' loading='lazy' sizes='(min-width: 834px) 550px, 96vw'>\n      \n    <a draggable=\"false\" class=\"block\" href=\"https:\/\/lalgbtcenter.org\/es\/about\/locations\/the-village-en-ed-gould-plaza\/\">\n      <div class=\"absolute w-full h-full top-0 left-0 flex flex-col justify-end p-24\">\n        <h3 class=\"text-white heading-sm-bold leading-none z-20\">The Village en Ed Gould Plaza<\/h3>\n        <div class=\"z-10 absolute w-full bottom-0 left-0 h-full bg-gradient-to-t from-black\/40 to-transparent bg-blend-multiply\"><\/div>\n      <\/div>\n    <\/a>\n  <\/div>\n  <div class=\"flex flex-col gap-8 mt-16\">\n        <div class=\"body-sm line-clamp-3\">\n              &#8220;The Village&#8221; se compone de espacios para programas, oficinas, un patio exterior y nuestras galer\u00edas y teatros de Artes Culturales.          <\/div>\n          <\/div>\n<\/div>            <\/div>\n<\/div>  <\/section>\n\n\n<section class=\"w-full pr-0 my-48 md:my-64 child:!pl-0\">\n  \n      <h4 class=\"!heading-sm-bold !mb-16\">\n      Nuestro campus es el primero de su clase: Un refugio intergeneracional para personas LGBTQ    <\/h4>\n  \n    \n<!-- Swiper Enabled Section -->\n<div data-generic-slider data-slider-props=\"{&quot;base&quot;:{&quot;slides_per_view&quot;:1,&quot;space_between&quot;:32},&quot;xs&quot;:{&quot;slides_per_view&quot;:1,&quot;space_between&quot;:32},&quot;sm&quot;:{&quot;slides_per_view&quot;:1,&quot;space_between&quot;:32},&quot;md&quot;:{&quot;slides_per_view&quot;:1,&quot;space_between&quot;:32},&quot;lg&quot;:{&quot;slides_per_view&quot;:1,&quot;space_between&quot;:32},&quot;xl&quot;:{&quot;slides_per_view&quot;:1,&quot;space_between&quot;:32}}\" class=\"swiper opacity-0 transition-opacity block \">\n  <div class=\"swiper-wrapper \">\n            <div class=\"swiper-slide\">\n      <div class=\"mb-8 aspect-video rounded-8 overflow-hidden\">\n        <img class=\"object-cover w-full h-full\" src='https:\/\/lalgbtcenter.org\/app\/uploads\/2023\/08\/LGBT-Center_September-20196-1-1024x640.jpg' srcset='https:\/\/lalgbtcenter.org\/app\/uploads\/2023\/08\/LGBT-Center_September-20196-1-1024x640.jpg 1024w, https:\/\/lalgbtcenter.org\/app\/uploads\/2023\/08\/LGBT-Center_September-20196-1-300x188.jpg 300w, https:\/\/lalgbtcenter.org\/app\/uploads\/2023\/08\/LGBT-Center_September-20196-1-768x480.jpg 768w, https:\/\/lalgbtcenter.org\/app\/uploads\/2023\/08\/LGBT-Center_September-20196-1-1536x960.jpg 1536w, https:\/\/lalgbtcenter.org\/app\/uploads\/2023\/08\/LGBT-Center_September-20196-1-1x1.jpg 1w, https:\/\/lalgbtcenter.org\/app\/uploads\/2023\/08\/LGBT-Center_September-20196-1-230x144.jpg 230w, https:\/\/lalgbtcenter.org\/app\/uploads\/2023\/08\/LGBT-Center_September-20196-1-550x344.jpg 550w, https:\/\/lalgbtcenter.org\/app\/uploads\/2023\/08\/LGBT-Center_September-20196-1-900x563.jpg 900w, https:\/\/lalgbtcenter.org\/app\/uploads\/2023\/08\/LGBT-Center_September-20196-1-1130x706.jpg 1130w, https:\/\/lalgbtcenter.org\/app\/uploads\/2023\/08\/LGBT-Center_September-20196-1-1280x800.jpg 1280w, https:\/\/lalgbtcenter.org\/app\/uploads\/2023\/08\/LGBT-Center_September-20196-1-1460x913.jpg 1460w, https:\/\/lalgbtcenter.org\/app\/uploads\/2023\/08\/LGBT-Center_September-20196-1.jpg 1920w' alt='' loading='lazy' sizes='(min-width: 834px) 91vw, 96vw' alt=\"\">\n      <\/div>\n              <div class=\"body-legal text-black\/60 child-p:!mb-16 child:!pl-0 line-clamp-3 md:line-clamp-2\">\n          <p>Nuestra sede se encuentra en McCadden Place. Aqu\u00ed puede ver el exterior de nuestro auditorio (Pride Hall) y el edificio Ariadne Getty Senior Housing.  <\/p>\n        <\/div>\n          <\/div>\n      <div class=\"swiper-slide\">\n      <div class=\"mb-8 aspect-video rounded-8 overflow-hidden\">\n        <img class=\"object-cover w-full h-full\" src='https:\/\/lalgbtcenter.org\/app\/uploads\/2023\/08\/LGBT-Center_September-20194-1024x640.jpg' srcset='https:\/\/lalgbtcenter.org\/app\/uploads\/2023\/08\/LGBT-Center_September-20194-1024x640.jpg 1024w, https:\/\/lalgbtcenter.org\/app\/uploads\/2023\/08\/LGBT-Center_September-20194-300x188.jpg 300w, https:\/\/lalgbtcenter.org\/app\/uploads\/2023\/08\/LGBT-Center_September-20194-768x480.jpg 768w, https:\/\/lalgbtcenter.org\/app\/uploads\/2023\/08\/LGBT-Center_September-20194-1536x960.jpg 1536w, https:\/\/lalgbtcenter.org\/app\/uploads\/2023\/08\/LGBT-Center_September-20194-1x1.jpg 1w, https:\/\/lalgbtcenter.org\/app\/uploads\/2023\/08\/LGBT-Center_September-20194-230x144.jpg 230w, https:\/\/lalgbtcenter.org\/app\/uploads\/2023\/08\/LGBT-Center_September-20194-550x344.jpg 550w, https:\/\/lalgbtcenter.org\/app\/uploads\/2023\/08\/LGBT-Center_September-20194-900x563.jpg 900w, https:\/\/lalgbtcenter.org\/app\/uploads\/2023\/08\/LGBT-Center_September-20194-1130x706.jpg 1130w, https:\/\/lalgbtcenter.org\/app\/uploads\/2023\/08\/LGBT-Center_September-20194-1280x800.jpg 1280w, https:\/\/lalgbtcenter.org\/app\/uploads\/2023\/08\/LGBT-Center_September-20194-1460x913.jpg 1460w, https:\/\/lalgbtcenter.org\/app\/uploads\/2023\/08\/LGBT-Center_September-20194.jpg 1920w' alt='' loading='lazy' sizes='(min-width: 834px) 91vw, 96vw' alt=\"\">\n      <\/div>\n              <div class=\"body-legal text-black\/60 child-p:!mb-16 child:!pl-0 line-clamp-3 md:line-clamp-2\">\n          <p>Una vista desde la azotea, que muestra los espacios de trabajo y descanso al aire libre para empleados y clientes del Centro.  <\/p>\n        <\/div>\n          <\/div>\n      <div class=\"swiper-slide\">\n      <div class=\"mb-8 aspect-video rounded-8 overflow-hidden\">\n        <img class=\"object-cover w-full h-full\" src='https:\/\/lalgbtcenter.org\/app\/uploads\/2023\/08\/LGBT-Center_September-20193-1024x640.jpg' srcset='https:\/\/lalgbtcenter.org\/app\/uploads\/2023\/08\/LGBT-Center_September-20193-1024x640.jpg 1024w, https:\/\/lalgbtcenter.org\/app\/uploads\/2023\/08\/LGBT-Center_September-20193-300x188.jpg 300w, https:\/\/lalgbtcenter.org\/app\/uploads\/2023\/08\/LGBT-Center_September-20193-768x480.jpg 768w, https:\/\/lalgbtcenter.org\/app\/uploads\/2023\/08\/LGBT-Center_September-20193-1536x960.jpg 1536w, https:\/\/lalgbtcenter.org\/app\/uploads\/2023\/08\/LGBT-Center_September-20193-1x1.jpg 1w, https:\/\/lalgbtcenter.org\/app\/uploads\/2023\/08\/LGBT-Center_September-20193-230x144.jpg 230w, https:\/\/lalgbtcenter.org\/app\/uploads\/2023\/08\/LGBT-Center_September-20193-550x344.jpg 550w, https:\/\/lalgbtcenter.org\/app\/uploads\/2023\/08\/LGBT-Center_September-20193-900x563.jpg 900w, https:\/\/lalgbtcenter.org\/app\/uploads\/2023\/08\/LGBT-Center_September-20193-1130x706.jpg 1130w, https:\/\/lalgbtcenter.org\/app\/uploads\/2023\/08\/LGBT-Center_September-20193-1280x800.jpg 1280w, https:\/\/lalgbtcenter.org\/app\/uploads\/2023\/08\/LGBT-Center_September-20193-1460x913.jpg 1460w, https:\/\/lalgbtcenter.org\/app\/uploads\/2023\/08\/LGBT-Center_September-20193.jpg 1920w' alt='' loading='lazy' sizes='(min-width: 834px) 91vw, 96vw' alt=\"\">\n      <\/div>\n              <div class=\"body-legal text-black\/60 child-p:!mb-16 child:!pl-0 line-clamp-3 md:line-clamp-2\">\n          <p>Una vista lateral de nuestro campus, incluido nuestro aparcamiento (situado en 1118 N. McCadden Place).<\/p>\n        <\/div>\n          <\/div>\n      <div class=\"swiper-slide\">\n      <div class=\"mb-8 aspect-video rounded-8 overflow-hidden\">\n        <img class=\"object-cover w-full h-full\" src='https:\/\/lalgbtcenter.org\/app\/uploads\/2023\/08\/LGBT-Center_September-20192-1024x640.jpg' srcset='https:\/\/lalgbtcenter.org\/app\/uploads\/2023\/08\/LGBT-Center_September-20192-1024x640.jpg 1024w, https:\/\/lalgbtcenter.org\/app\/uploads\/2023\/08\/LGBT-Center_September-20192-300x188.jpg 300w, https:\/\/lalgbtcenter.org\/app\/uploads\/2023\/08\/LGBT-Center_September-20192-768x480.jpg 768w, https:\/\/lalgbtcenter.org\/app\/uploads\/2023\/08\/LGBT-Center_September-20192-1536x960.jpg 1536w, https:\/\/lalgbtcenter.org\/app\/uploads\/2023\/08\/LGBT-Center_September-20192-1x1.jpg 1w, https:\/\/lalgbtcenter.org\/app\/uploads\/2023\/08\/LGBT-Center_September-20192-230x144.jpg 230w, https:\/\/lalgbtcenter.org\/app\/uploads\/2023\/08\/LGBT-Center_September-20192-550x344.jpg 550w, https:\/\/lalgbtcenter.org\/app\/uploads\/2023\/08\/LGBT-Center_September-20192-900x563.jpg 900w, https:\/\/lalgbtcenter.org\/app\/uploads\/2023\/08\/LGBT-Center_September-20192-1130x706.jpg 1130w, https:\/\/lalgbtcenter.org\/app\/uploads\/2023\/08\/LGBT-Center_September-20192-1280x800.jpg 1280w, https:\/\/lalgbtcenter.org\/app\/uploads\/2023\/08\/LGBT-Center_September-20192-1460x913.jpg 1460w, https:\/\/lalgbtcenter.org\/app\/uploads\/2023\/08\/LGBT-Center_September-20192.jpg 1920w' alt='' loading='lazy' sizes='(min-width: 834px) 91vw, 96vw' alt=\"\">\n      <\/div>\n              <div class=\"body-legal text-black\/60 child-p:!mb-16 child:!pl-0 line-clamp-3 md:line-clamp-2\">\n          <p>Nuestro campus, iluminado por la noche.<\/p>\n        <\/div>\n          <\/div>\n      <div class=\"swiper-slide\">\n      <div class=\"mb-8 aspect-video rounded-8 overflow-hidden\">\n        <img class=\"object-cover w-full h-full\" src='https:\/\/lalgbtcenter.org\/app\/uploads\/2023\/08\/LGBT-Center_September-2019-1024x640.jpg' srcset='https:\/\/lalgbtcenter.org\/app\/uploads\/2023\/08\/LGBT-Center_September-2019-1024x640.jpg 1024w, https:\/\/lalgbtcenter.org\/app\/uploads\/2023\/08\/LGBT-Center_September-2019-300x188.jpg 300w, https:\/\/lalgbtcenter.org\/app\/uploads\/2023\/08\/LGBT-Center_September-2019-768x480.jpg 768w, https:\/\/lalgbtcenter.org\/app\/uploads\/2023\/08\/LGBT-Center_September-2019-1536x960.jpg 1536w, https:\/\/lalgbtcenter.org\/app\/uploads\/2023\/08\/LGBT-Center_September-2019-1x1.jpg 1w, https:\/\/lalgbtcenter.org\/app\/uploads\/2023\/08\/LGBT-Center_September-2019-230x144.jpg 230w, https:\/\/lalgbtcenter.org\/app\/uploads\/2023\/08\/LGBT-Center_September-2019-550x344.jpg 550w, https:\/\/lalgbtcenter.org\/app\/uploads\/2023\/08\/LGBT-Center_September-2019-900x563.jpg 900w, https:\/\/lalgbtcenter.org\/app\/uploads\/2023\/08\/LGBT-Center_September-2019-1130x706.jpg 1130w, https:\/\/lalgbtcenter.org\/app\/uploads\/2023\/08\/LGBT-Center_September-2019-1280x800.jpg 1280w, https:\/\/lalgbtcenter.org\/app\/uploads\/2023\/08\/LGBT-Center_September-2019-1460x913.jpg 1460w, https:\/\/lalgbtcenter.org\/app\/uploads\/2023\/08\/LGBT-Center_September-2019.jpg 1920w' alt='' loading='lazy' sizes='(min-width: 834px) 91vw, 96vw' alt=\"\">\n      <\/div>\n              <div class=\"body-legal text-black\/60 child-p:!mb-16 child:!pl-0 line-clamp-3 md:line-clamp-2\">\n          <p>La vista desde Santa Monica Blvd.<\/p>\n        <\/div>\n          <\/div>\n      <div class=\"swiper-slide\">\n      <div class=\"mb-8 aspect-video rounded-8 overflow-hidden\">\n        <img class=\"object-cover w-full h-full\" src='https:\/\/lalgbtcenter.org\/app\/uploads\/2023\/08\/LGBT-Center_May-2019_slides9-1024x640.jpg' srcset='https:\/\/lalgbtcenter.org\/app\/uploads\/2023\/08\/LGBT-Center_May-2019_slides9-1024x640.jpg 1024w, https:\/\/lalgbtcenter.org\/app\/uploads\/2023\/08\/LGBT-Center_May-2019_slides9-300x188.jpg 300w, https:\/\/lalgbtcenter.org\/app\/uploads\/2023\/08\/LGBT-Center_May-2019_slides9-768x480.jpg 768w, https:\/\/lalgbtcenter.org\/app\/uploads\/2023\/08\/LGBT-Center_May-2019_slides9-1536x960.jpg 1536w, https:\/\/lalgbtcenter.org\/app\/uploads\/2023\/08\/LGBT-Center_May-2019_slides9-1x1.jpg 1w, https:\/\/lalgbtcenter.org\/app\/uploads\/2023\/08\/LGBT-Center_May-2019_slides9-230x144.jpg 230w, https:\/\/lalgbtcenter.org\/app\/uploads\/2023\/08\/LGBT-Center_May-2019_slides9-550x344.jpg 550w, https:\/\/lalgbtcenter.org\/app\/uploads\/2023\/08\/LGBT-Center_May-2019_slides9-900x563.jpg 900w, https:\/\/lalgbtcenter.org\/app\/uploads\/2023\/08\/LGBT-Center_May-2019_slides9-1130x706.jpg 1130w, https:\/\/lalgbtcenter.org\/app\/uploads\/2023\/08\/LGBT-Center_May-2019_slides9-1280x800.jpg 1280w, https:\/\/lalgbtcenter.org\/app\/uploads\/2023\/08\/LGBT-Center_May-2019_slides9-1460x913.jpg 1460w, https:\/\/lalgbtcenter.org\/app\/uploads\/2023\/08\/LGBT-Center_May-2019_slides9.jpg 1920w' alt='' loading='lazy' sizes='(min-width: 834px) 91vw, 96vw' alt=\"\">\n      <\/div>\n              <div class=\"body-legal text-black\/60 child-p:!mb-16 child:!pl-0 line-clamp-3 md:line-clamp-2\">\n          <p>A vista de p\u00e1jaro.<\/p>\n        <\/div>\n          <\/div>\n      <div class=\"swiper-slide\">\n      <div class=\"mb-8 aspect-video rounded-8 overflow-hidden\">\n        <img class=\"object-cover w-full h-full\" src='https:\/\/lalgbtcenter.org\/app\/uploads\/2023\/08\/080323_PrideHall_Full_4-1024x683.jpg' srcset='https:\/\/lalgbtcenter.org\/app\/uploads\/2023\/08\/080323_PrideHall_Full_4-1024x683.jpg 1024w, https:\/\/lalgbtcenter.org\/app\/uploads\/2023\/08\/080323_PrideHall_Full_4-300x200.jpg 300w, https:\/\/lalgbtcenter.org\/app\/uploads\/2023\/08\/080323_PrideHall_Full_4-768x512.jpg 768w, https:\/\/lalgbtcenter.org\/app\/uploads\/2023\/08\/080323_PrideHall_Full_4-1536x1024.jpg 1536w, https:\/\/lalgbtcenter.org\/app\/uploads\/2023\/08\/080323_PrideHall_Full_4-2048x1365.jpg 2048w, https:\/\/lalgbtcenter.org\/app\/uploads\/2023\/08\/080323_PrideHall_Full_4-1x1.jpg 1w, https:\/\/lalgbtcenter.org\/app\/uploads\/2023\/08\/080323_PrideHall_Full_4-230x153.jpg 230w, https:\/\/lalgbtcenter.org\/app\/uploads\/2023\/08\/080323_PrideHall_Full_4-550x367.jpg 550w, https:\/\/lalgbtcenter.org\/app\/uploads\/2023\/08\/080323_PrideHall_Full_4-900x600.jpg 900w, https:\/\/lalgbtcenter.org\/app\/uploads\/2023\/08\/080323_PrideHall_Full_4-1130x753.jpg 1130w, https:\/\/lalgbtcenter.org\/app\/uploads\/2023\/08\/080323_PrideHall_Full_4-1280x853.jpg 1280w, https:\/\/lalgbtcenter.org\/app\/uploads\/2023\/08\/080323_PrideHall_Full_4-1460x973.jpg 1460w' alt='' loading='lazy' sizes='(min-width: 834px) 91vw, 96vw' alt=\"\">\n      <\/div>\n              <div class=\"body-legal text-black\/60 child-p:!mb-16 child:!pl-0 line-clamp-3 md:line-clamp-2\">\n          <p>El interior del Pride Hall, nuestro auditorio.<\/p>\n        <\/div>\n          <\/div>\n      <\/div>\n      \n<div class=\"pb-2 mt-16 opacity-0 transition-opacity\" data-slider-navigation>\n  <div class=\"flex items-center justify-center min-h-5\" data-slider-scrollbar-wrapper>\n    <!-- scrollbar -->\n        <div class=\"w-full cursor-pointer relative mr-10 lg:mr-40\">\n      <div class=\"swiper-scrollbar\" data-slider-scrollbar><\/div>\n    <\/div>\n\n          <!-- buttons -->\n      <div class=\"gap-10 flex md:flex\">\n        <button aria-label=\"Previous item\" class=\"w-32 h-32 cursor-pointer bg-black rounded-full inline-flex items-center justify-center swiper-disable-arrow\" data-slider-prev>\n          \n<svg class=\"stroke-white\" stroke=\"currentColor\" width=\"16\" height=\"16\" viewBox=\"0 0 16 16\" fill=\"none\" xmlns=\"http:\/\/www.w3.org\/2000\/svg\">\n  <path d=\"M11.5.72 4 8l7.5 7.28\" stroke-width=\"2\" \/>\n<\/svg>        <\/button>\n        <button aria-label=\"Next item\" class=\"w-32 h-32 cursor-pointer bg-black rounded-full inline-flex items-center justify-center\" data-slider-next>\n          \n<svg class=\"stroke-white\" stroke=\"currentColor\" width=\"16\" height=\"16\" viewBox=\"0 0 16 16\" fill=\"none\" xmlns=\"http:\/\/www.w3.org\/2000\/svg\">\n  <path d=\"M4 .72 11.5 8 4 15.28\" stroke-width=\"2\" \/>\n<\/svg>        <\/button>\n      <\/div>\n      <\/div>\n<\/div>    <\/div>\n\n<!-- Swiper Disabled Section -->\n<div class=\"hidden \">\n  <div class=\"\">\n            <div class=\"swiper-slide\">\n      <div class=\"mb-8 aspect-video rounded-8 overflow-hidden\">\n        <img class=\"object-cover w-full h-full\" src='https:\/\/lalgbtcenter.org\/app\/uploads\/2023\/08\/LGBT-Center_September-20196-1-1024x640.jpg' srcset='https:\/\/lalgbtcenter.org\/app\/uploads\/2023\/08\/LGBT-Center_September-20196-1-1024x640.jpg 1024w, https:\/\/lalgbtcenter.org\/app\/uploads\/2023\/08\/LGBT-Center_September-20196-1-300x188.jpg 300w, https:\/\/lalgbtcenter.org\/app\/uploads\/2023\/08\/LGBT-Center_September-20196-1-768x480.jpg 768w, https:\/\/lalgbtcenter.org\/app\/uploads\/2023\/08\/LGBT-Center_September-20196-1-1536x960.jpg 1536w, https:\/\/lalgbtcenter.org\/app\/uploads\/2023\/08\/LGBT-Center_September-20196-1-1x1.jpg 1w, https:\/\/lalgbtcenter.org\/app\/uploads\/2023\/08\/LGBT-Center_September-20196-1-230x144.jpg 230w, https:\/\/lalgbtcenter.org\/app\/uploads\/2023\/08\/LGBT-Center_September-20196-1-550x344.jpg 550w, https:\/\/lalgbtcenter.org\/app\/uploads\/2023\/08\/LGBT-Center_September-20196-1-900x563.jpg 900w, https:\/\/lalgbtcenter.org\/app\/uploads\/2023\/08\/LGBT-Center_September-20196-1-1130x706.jpg 1130w, https:\/\/lalgbtcenter.org\/app\/uploads\/2023\/08\/LGBT-Center_September-20196-1-1280x800.jpg 1280w, https:\/\/lalgbtcenter.org\/app\/uploads\/2023\/08\/LGBT-Center_September-20196-1-1460x913.jpg 1460w, https:\/\/lalgbtcenter.org\/app\/uploads\/2023\/08\/LGBT-Center_September-20196-1.jpg 1920w' alt='' loading='lazy' sizes='(min-width: 834px) 91vw, 96vw' alt=\"\">\n      <\/div>\n              <div class=\"body-legal text-black\/60 child-p:!mb-16 child:!pl-0 line-clamp-3 md:line-clamp-2\">\n          <p>Nuestra sede se encuentra en McCadden Place. Aqu\u00ed puede ver el exterior de nuestro auditorio (Pride Hall) y el edificio Ariadne Getty Senior Housing.  <\/p>\n        <\/div>\n          <\/div>\n      <div class=\"swiper-slide\">\n      <div class=\"mb-8 aspect-video rounded-8 overflow-hidden\">\n        <img class=\"object-cover w-full h-full\" src='https:\/\/lalgbtcenter.org\/app\/uploads\/2023\/08\/LGBT-Center_September-20194-1024x640.jpg' srcset='https:\/\/lalgbtcenter.org\/app\/uploads\/2023\/08\/LGBT-Center_September-20194-1024x640.jpg 1024w, https:\/\/lalgbtcenter.org\/app\/uploads\/2023\/08\/LGBT-Center_September-20194-300x188.jpg 300w, https:\/\/lalgbtcenter.org\/app\/uploads\/2023\/08\/LGBT-Center_September-20194-768x480.jpg 768w, https:\/\/lalgbtcenter.org\/app\/uploads\/2023\/08\/LGBT-Center_September-20194-1536x960.jpg 1536w, https:\/\/lalgbtcenter.org\/app\/uploads\/2023\/08\/LGBT-Center_September-20194-1x1.jpg 1w, https:\/\/lalgbtcenter.org\/app\/uploads\/2023\/08\/LGBT-Center_September-20194-230x144.jpg 230w, https:\/\/lalgbtcenter.org\/app\/uploads\/2023\/08\/LGBT-Center_September-20194-550x344.jpg 550w, https:\/\/lalgbtcenter.org\/app\/uploads\/2023\/08\/LGBT-Center_September-20194-900x563.jpg 900w, https:\/\/lalgbtcenter.org\/app\/uploads\/2023\/08\/LGBT-Center_September-20194-1130x706.jpg 1130w, https:\/\/lalgbtcenter.org\/app\/uploads\/2023\/08\/LGBT-Center_September-20194-1280x800.jpg 1280w, https:\/\/lalgbtcenter.org\/app\/uploads\/2023\/08\/LGBT-Center_September-20194-1460x913.jpg 1460w, https:\/\/lalgbtcenter.org\/app\/uploads\/2023\/08\/LGBT-Center_September-20194.jpg 1920w' alt='' loading='lazy' sizes='(min-width: 834px) 91vw, 96vw' alt=\"\">\n      <\/div>\n              <div class=\"body-legal text-black\/60 child-p:!mb-16 child:!pl-0 line-clamp-3 md:line-clamp-2\">\n          <p>Una vista desde la azotea, que muestra los espacios de trabajo y descanso al aire libre para empleados y clientes del Centro.  <\/p>\n        <\/div>\n          <\/div>\n      <div class=\"swiper-slide\">\n      <div class=\"mb-8 aspect-video rounded-8 overflow-hidden\">\n        <img class=\"object-cover w-full h-full\" src='https:\/\/lalgbtcenter.org\/app\/uploads\/2023\/08\/LGBT-Center_September-20193-1024x640.jpg' srcset='https:\/\/lalgbtcenter.org\/app\/uploads\/2023\/08\/LGBT-Center_September-20193-1024x640.jpg 1024w, https:\/\/lalgbtcenter.org\/app\/uploads\/2023\/08\/LGBT-Center_September-20193-300x188.jpg 300w, https:\/\/lalgbtcenter.org\/app\/uploads\/2023\/08\/LGBT-Center_September-20193-768x480.jpg 768w, https:\/\/lalgbtcenter.org\/app\/uploads\/2023\/08\/LGBT-Center_September-20193-1536x960.jpg 1536w, https:\/\/lalgbtcenter.org\/app\/uploads\/2023\/08\/LGBT-Center_September-20193-1x1.jpg 1w, https:\/\/lalgbtcenter.org\/app\/uploads\/2023\/08\/LGBT-Center_September-20193-230x144.jpg 230w, https:\/\/lalgbtcenter.org\/app\/uploads\/2023\/08\/LGBT-Center_September-20193-550x344.jpg 550w, https:\/\/lalgbtcenter.org\/app\/uploads\/2023\/08\/LGBT-Center_September-20193-900x563.jpg 900w, https:\/\/lalgbtcenter.org\/app\/uploads\/2023\/08\/LGBT-Center_September-20193-1130x706.jpg 1130w, https:\/\/lalgbtcenter.org\/app\/uploads\/2023\/08\/LGBT-Center_September-20193-1280x800.jpg 1280w, https:\/\/lalgbtcenter.org\/app\/uploads\/2023\/08\/LGBT-Center_September-20193-1460x913.jpg 1460w, https:\/\/lalgbtcenter.org\/app\/uploads\/2023\/08\/LGBT-Center_September-20193.jpg 1920w' alt='' loading='lazy' sizes='(min-width: 834px) 91vw, 96vw' alt=\"\">\n      <\/div>\n              <div class=\"body-legal text-black\/60 child-p:!mb-16 child:!pl-0 line-clamp-3 md:line-clamp-2\">\n          <p>Una vista lateral de nuestro campus, incluido nuestro aparcamiento (situado en 1118 N. McCadden Place).<\/p>\n        <\/div>\n          <\/div>\n      <div class=\"swiper-slide\">\n      <div class=\"mb-8 aspect-video rounded-8 overflow-hidden\">\n        <img class=\"object-cover w-full h-full\" src='https:\/\/lalgbtcenter.org\/app\/uploads\/2023\/08\/LGBT-Center_September-20192-1024x640.jpg' srcset='https:\/\/lalgbtcenter.org\/app\/uploads\/2023\/08\/LGBT-Center_September-20192-1024x640.jpg 1024w, https:\/\/lalgbtcenter.org\/app\/uploads\/2023\/08\/LGBT-Center_September-20192-300x188.jpg 300w, https:\/\/lalgbtcenter.org\/app\/uploads\/2023\/08\/LGBT-Center_September-20192-768x480.jpg 768w, https:\/\/lalgbtcenter.org\/app\/uploads\/2023\/08\/LGBT-Center_September-20192-1536x960.jpg 1536w, https:\/\/lalgbtcenter.org\/app\/uploads\/2023\/08\/LGBT-Center_September-20192-1x1.jpg 1w, https:\/\/lalgbtcenter.org\/app\/uploads\/2023\/08\/LGBT-Center_September-20192-230x144.jpg 230w, https:\/\/lalgbtcenter.org\/app\/uploads\/2023\/08\/LGBT-Center_September-20192-550x344.jpg 550w, https:\/\/lalgbtcenter.org\/app\/uploads\/2023\/08\/LGBT-Center_September-20192-900x563.jpg 900w, https:\/\/lalgbtcenter.org\/app\/uploads\/2023\/08\/LGBT-Center_September-20192-1130x706.jpg 1130w, https:\/\/lalgbtcenter.org\/app\/uploads\/2023\/08\/LGBT-Center_September-20192-1280x800.jpg 1280w, https:\/\/lalgbtcenter.org\/app\/uploads\/2023\/08\/LGBT-Center_September-20192-1460x913.jpg 1460w, https:\/\/lalgbtcenter.org\/app\/uploads\/2023\/08\/LGBT-Center_September-20192.jpg 1920w' alt='' loading='lazy' sizes='(min-width: 834px) 91vw, 96vw' alt=\"\">\n      <\/div>\n              <div class=\"body-legal text-black\/60 child-p:!mb-16 child:!pl-0 line-clamp-3 md:line-clamp-2\">\n          <p>Nuestro campus, iluminado por la noche.<\/p>\n        <\/div>\n          <\/div>\n      <div class=\"swiper-slide\">\n      <div class=\"mb-8 aspect-video rounded-8 overflow-hidden\">\n        <img class=\"object-cover w-full h-full\" src='https:\/\/lalgbtcenter.org\/app\/uploads\/2023\/08\/LGBT-Center_September-2019-1024x640.jpg' srcset='https:\/\/lalgbtcenter.org\/app\/uploads\/2023\/08\/LGBT-Center_September-2019-1024x640.jpg 1024w, https:\/\/lalgbtcenter.org\/app\/uploads\/2023\/08\/LGBT-Center_September-2019-300x188.jpg 300w, https:\/\/lalgbtcenter.org\/app\/uploads\/2023\/08\/LGBT-Center_September-2019-768x480.jpg 768w, https:\/\/lalgbtcenter.org\/app\/uploads\/2023\/08\/LGBT-Center_September-2019-1536x960.jpg 1536w, https:\/\/lalgbtcenter.org\/app\/uploads\/2023\/08\/LGBT-Center_September-2019-1x1.jpg 1w, https:\/\/lalgbtcenter.org\/app\/uploads\/2023\/08\/LGBT-Center_September-2019-230x144.jpg 230w, https:\/\/lalgbtcenter.org\/app\/uploads\/2023\/08\/LGBT-Center_September-2019-550x344.jpg 550w, https:\/\/lalgbtcenter.org\/app\/uploads\/2023\/08\/LGBT-Center_September-2019-900x563.jpg 900w, https:\/\/lalgbtcenter.org\/app\/uploads\/2023\/08\/LGBT-Center_September-2019-1130x706.jpg 1130w, https:\/\/lalgbtcenter.org\/app\/uploads\/2023\/08\/LGBT-Center_September-2019-1280x800.jpg 1280w, https:\/\/lalgbtcenter.org\/app\/uploads\/2023\/08\/LGBT-Center_September-2019-1460x913.jpg 1460w, https:\/\/lalgbtcenter.org\/app\/uploads\/2023\/08\/LGBT-Center_September-2019.jpg 1920w' alt='' loading='lazy' sizes='(min-width: 834px) 91vw, 96vw' alt=\"\">\n      <\/div>\n              <div class=\"body-legal text-black\/60 child-p:!mb-16 child:!pl-0 line-clamp-3 md:line-clamp-2\">\n          <p>La vista desde Santa Monica Blvd.<\/p>\n        <\/div>\n          <\/div>\n      <div class=\"swiper-slide\">\n      <div class=\"mb-8 aspect-video rounded-8 overflow-hidden\">\n        <img class=\"object-cover w-full h-full\" src='https:\/\/lalgbtcenter.org\/app\/uploads\/2023\/08\/LGBT-Center_May-2019_slides9-1024x640.jpg' srcset='https:\/\/lalgbtcenter.org\/app\/uploads\/2023\/08\/LGBT-Center_May-2019_slides9-1024x640.jpg 1024w, https:\/\/lalgbtcenter.org\/app\/uploads\/2023\/08\/LGBT-Center_May-2019_slides9-300x188.jpg 300w, https:\/\/lalgbtcenter.org\/app\/uploads\/2023\/08\/LGBT-Center_May-2019_slides9-768x480.jpg 768w, https:\/\/lalgbtcenter.org\/app\/uploads\/2023\/08\/LGBT-Center_May-2019_slides9-1536x960.jpg 1536w, https:\/\/lalgbtcenter.org\/app\/uploads\/2023\/08\/LGBT-Center_May-2019_slides9-1x1.jpg 1w, https:\/\/lalgbtcenter.org\/app\/uploads\/2023\/08\/LGBT-Center_May-2019_slides9-230x144.jpg 230w, https:\/\/lalgbtcenter.org\/app\/uploads\/2023\/08\/LGBT-Center_May-2019_slides9-550x344.jpg 550w, https:\/\/lalgbtcenter.org\/app\/uploads\/2023\/08\/LGBT-Center_May-2019_slides9-900x563.jpg 900w, https:\/\/lalgbtcenter.org\/app\/uploads\/2023\/08\/LGBT-Center_May-2019_slides9-1130x706.jpg 1130w, https:\/\/lalgbtcenter.org\/app\/uploads\/2023\/08\/LGBT-Center_May-2019_slides9-1280x800.jpg 1280w, https:\/\/lalgbtcenter.org\/app\/uploads\/2023\/08\/LGBT-Center_May-2019_slides9-1460x913.jpg 1460w, https:\/\/lalgbtcenter.org\/app\/uploads\/2023\/08\/LGBT-Center_May-2019_slides9.jpg 1920w' alt='' loading='lazy' sizes='(min-width: 834px) 91vw, 96vw' alt=\"\">\n      <\/div>\n              <div class=\"body-legal text-black\/60 child-p:!mb-16 child:!pl-0 line-clamp-3 md:line-clamp-2\">\n          <p>A vista de p\u00e1jaro.<\/p>\n        <\/div>\n          <\/div>\n      <div class=\"swiper-slide\">\n      <div class=\"mb-8 aspect-video rounded-8 overflow-hidden\">\n        <img class=\"object-cover w-full h-full\" src='https:\/\/lalgbtcenter.org\/app\/uploads\/2023\/08\/080323_PrideHall_Full_4-1024x683.jpg' srcset='https:\/\/lalgbtcenter.org\/app\/uploads\/2023\/08\/080323_PrideHall_Full_4-1024x683.jpg 1024w, https:\/\/lalgbtcenter.org\/app\/uploads\/2023\/08\/080323_PrideHall_Full_4-300x200.jpg 300w, https:\/\/lalgbtcenter.org\/app\/uploads\/2023\/08\/080323_PrideHall_Full_4-768x512.jpg 768w, https:\/\/lalgbtcenter.org\/app\/uploads\/2023\/08\/080323_PrideHall_Full_4-1536x1024.jpg 1536w, https:\/\/lalgbtcenter.org\/app\/uploads\/2023\/08\/080323_PrideHall_Full_4-2048x1365.jpg 2048w, https:\/\/lalgbtcenter.org\/app\/uploads\/2023\/08\/080323_PrideHall_Full_4-1x1.jpg 1w, https:\/\/lalgbtcenter.org\/app\/uploads\/2023\/08\/080323_PrideHall_Full_4-230x153.jpg 230w, https:\/\/lalgbtcenter.org\/app\/uploads\/2023\/08\/080323_PrideHall_Full_4-550x367.jpg 550w, https:\/\/lalgbtcenter.org\/app\/uploads\/2023\/08\/080323_PrideHall_Full_4-900x600.jpg 900w, https:\/\/lalgbtcenter.org\/app\/uploads\/2023\/08\/080323_PrideHall_Full_4-1130x753.jpg 1130w, https:\/\/lalgbtcenter.org\/app\/uploads\/2023\/08\/080323_PrideHall_Full_4-1280x853.jpg 1280w, https:\/\/lalgbtcenter.org\/app\/uploads\/2023\/08\/080323_PrideHall_Full_4-1460x973.jpg 1460w' alt='' loading='lazy' sizes='(min-width: 834px) 91vw, 96vw' alt=\"\">\n      <\/div>\n              <div class=\"body-legal text-black\/60 child-p:!mb-16 child:!pl-0 line-clamp-3 md:line-clamp-2\">\n          <p>El interior del Pride Hall, nuestro auditorio.<\/p>\n        <\/div>\n          <\/div>\n      <\/div>\n<\/div><\/section>\n\n<section class=\"container-full-width bg-tanDark\">\n  \n  <div class=\"py-56 lg:py-64 relative\">\n    <div class=\"container\">\n      <div class=\"pb-25 lg:pb-40\">\n        <h4 class=\"heading-lg\">\n          Le puede interesar        <\/h4>\n      <\/div>\n    <\/div>\n\n    <div class=\"container\">\n      <div class=\"grid md:grid-cols-2 gap-24 md:gap-32\">\n        \n          <div class=\"aspect-video overflow-hidden rounded-lg relative heir-img:hover:scale-110 heir-img:transition-transform\">\n                          <a href=\"https:\/\/lalgbtcenter.org\/es\/acerca-del-centro\/contactanos\/\">\n                <h4 class=\"absolute z-10 bottom-24 left-24 heading-sm-bold text-white\">Cont\u00e1ctanos<\/h4>\n                                                    <img class=\"w-full aspect-video rounded-lg object-cover\" src='https:\/\/lalgbtcenter.org\/app\/uploads\/2023\/08\/032823_GalaSizzle_Stills_062-1024x683.jpg' srcset='https:\/\/lalgbtcenter.org\/app\/uploads\/2023\/08\/032823_GalaSizzle_Stills_062-1024x683.jpg 1024w, https:\/\/lalgbtcenter.org\/app\/uploads\/2023\/08\/032823_GalaSizzle_Stills_062-300x200.jpg 300w, https:\/\/lalgbtcenter.org\/app\/uploads\/2023\/08\/032823_GalaSizzle_Stills_062-768x512.jpg 768w, https:\/\/lalgbtcenter.org\/app\/uploads\/2023\/08\/032823_GalaSizzle_Stills_062-1536x1024.jpg 1536w, https:\/\/lalgbtcenter.org\/app\/uploads\/2023\/08\/032823_GalaSizzle_Stills_062-2048x1365.jpg 2048w, https:\/\/lalgbtcenter.org\/app\/uploads\/2023\/08\/032823_GalaSizzle_Stills_062-1x1.jpg 1w, https:\/\/lalgbtcenter.org\/app\/uploads\/2023\/08\/032823_GalaSizzle_Stills_062-230x153.jpg 230w, https:\/\/lalgbtcenter.org\/app\/uploads\/2023\/08\/032823_GalaSizzle_Stills_062-550x367.jpg 550w, https:\/\/lalgbtcenter.org\/app\/uploads\/2023\/08\/032823_GalaSizzle_Stills_062-900x600.jpg 900w, https:\/\/lalgbtcenter.org\/app\/uploads\/2023\/08\/032823_GalaSizzle_Stills_062-1130x753.jpg 1130w, https:\/\/lalgbtcenter.org\/app\/uploads\/2023\/08\/032823_GalaSizzle_Stills_062-1280x853.jpg 1280w, https:\/\/lalgbtcenter.org\/app\/uploads\/2023\/08\/032823_GalaSizzle_Stills_062-1460x973.jpg 1460w' alt='' loading='lazy' sizes='(min-width: 834px) 545px, 92vw'>\n                                <div class=\"w-full h-1\/2 rounded-lg bg-gradient-to-t from-black to-transparent absolute bottom-0\"><\/div>\n              <\/a>\n                      <\/div>\n        \n          <div class=\"aspect-video overflow-hidden rounded-lg relative heir-img:hover:scale-110 heir-img:transition-transform\">\n                          <a href=\"https:\/\/lalgbtcenter.org\/es\/acerca-del-centro\/\">\n                <h4 class=\"absolute z-10 bottom-24 left-24 heading-sm-bold text-white\">Acerca del Centro<\/h4>\n                                                    <img class=\"w-full aspect-video rounded-lg object-cover\" src='https:\/\/lalgbtcenter.org\/app\/uploads\/2023\/08\/about-client-stories-about-recirc-1024x577.png' srcset='https:\/\/lalgbtcenter.org\/app\/uploads\/2023\/08\/about-client-stories-about-recirc-1024x577.png 1024w, https:\/\/lalgbtcenter.org\/app\/uploads\/2023\/08\/about-client-stories-about-recirc-300x169.png 300w, https:\/\/lalgbtcenter.org\/app\/uploads\/2023\/08\/about-client-stories-about-recirc-768x433.png 768w, https:\/\/lalgbtcenter.org\/app\/uploads\/2023\/08\/about-client-stories-about-recirc-1x1.png 1w, https:\/\/lalgbtcenter.org\/app\/uploads\/2023\/08\/about-client-stories-about-recirc-230x130.png 230w, https:\/\/lalgbtcenter.org\/app\/uploads\/2023\/08\/about-client-stories-about-recirc-550x310.png 550w, https:\/\/lalgbtcenter.org\/app\/uploads\/2023\/08\/about-client-stories-about-recirc-900x507.png 900w, https:\/\/lalgbtcenter.org\/app\/uploads\/2023\/08\/about-client-stories-about-recirc.png 1090w' alt='' loading='lazy' sizes='(min-width: 834px) 545px, 92vw'>\n                                <div class=\"w-full h-1\/2 rounded-lg bg-gradient-to-t from-black to-transparent absolute bottom-0\"><\/div>\n              <\/a>\n                      <\/div>\n              <\/div>\n    <\/div>\n  <\/div>\n<\/section>","protected":false},"excerpt":{"rendered":"<p>El Campus Anita May Rosenstein es un complejo sin precedentes concebido como sede de nuestra administraci\u00f3n y hogar de nuestros Servicios para J\u00f3venes y Mayores.<\/p>\n","protected":false},"author":29,"featured_media":20862,"menu_order":1,"template":"","categories":[],"tags":[],"class_list":["post-22465","locations","type-locations","status-publish","has-post-thumbnail","hentry"],"acf":[],"yoast_head":"<!-- This site is optimized with the Yoast SEO plugin v20.13 - https:\/\/yoast.com\/wordpress\/plugins\/seo\/ -->\n<title>Campus Anita May Rosenstein - Los Angeles LGBT Center<\/title>\n<meta name=\"description\" content=\"El Campus Anita May Rosenstein es un complejo sin precedentes concebido como sede de nuestra administraci\u00f3n y hogar de nuestros Servicios para J\u00f3venes y Mayores.\" \/>\n<meta name=\"robots\" content=\"index, follow, max-snippet:-1, max-image-preview:large, max-video-preview:-1\" \/>\n<link rel=\"canonical\" href=\"https:\/\/lalgbtcenter.org\/es\/about\/locations\/campus-anita-may-rosenstein\/\" \/>\n<meta property=\"og:locale\" content=\"es_ES\" \/>\n<meta property=\"og:type\" content=\"article\" \/>\n<meta property=\"og:title\" content=\"Campus Anita May Rosenstein - Los Angeles LGBT Center\" \/>\n<meta property=\"og:description\" content=\"El Campus Anita May Rosenstein es un complejo sin precedentes concebido como sede de nuestra administraci\u00f3n y hogar de nuestros Servicios para J\u00f3venes y Mayores.\" \/>\n<meta property=\"og:url\" content=\"https:\/\/lalgbtcenter.org\/es\/about\/locations\/campus-anita-may-rosenstein\/\" \/>\n<meta property=\"og:site_name\" content=\"Los Angeles LGBT Center\" \/>\n<meta property=\"article:modified_time\" content=\"2024-04-10T20:08:17+00:00\" \/>\n<meta property=\"og:image\" content=\"https:\/\/lalgbtcenter.org\/app\/uploads\/2023\/07\/LGBT-Center_AMRC-September-2019_2560x1140.jpg\" \/>\n\t<meta property=\"og:image:width\" content=\"2560\" \/>\n\t<meta property=\"og:image:height\" content=\"1140\" \/>\n\t<meta property=\"og:image:type\" content=\"image\/jpeg\" \/>\n<meta name=\"twitter:card\" content=\"summary_large_image\" \/>\n<script type=\"application\/ld+json\" class=\"yoast-schema-graph\">{\"@context\":\"https:\/\/schema.org\",\"@graph\":[{\"@type\":\"WebPage\",\"@id\":\"https:\/\/lalgbtcenter.org\/es\/about\/locations\/campus-anita-may-rosenstein\/\",\"url\":\"https:\/\/lalgbtcenter.org\/es\/about\/locations\/campus-anita-may-rosenstein\/\",\"name\":\"Campus Anita May Rosenstein - Los Angeles LGBT Center\",\"isPartOf\":{\"@id\":\"https:\/\/dev-lalgbtcenter.pantheonsite.io\/#website\"},\"datePublished\":\"2023-08-15T22:53:00+00:00\",\"dateModified\":\"2024-04-10T20:08:17+00:00\",\"description\":\"El Campus Anita May Rosenstein es un complejo sin precedentes concebido como sede de nuestra administraci\u00f3n y hogar de nuestros Servicios para J\u00f3venes y Mayores.\",\"inLanguage\":\"es-ES\",\"potentialAction\":[{\"@type\":\"ReadAction\",\"target\":[\"https:\/\/lalgbtcenter.org\/es\/about\/locations\/campus-anita-may-rosenstein\/\"]}]},{\"@type\":\"WebSite\",\"@id\":\"https:\/\/dev-lalgbtcenter.pantheonsite.io\/#website\",\"url\":\"https:\/\/dev-lalgbtcenter.pantheonsite.io\/\",\"name\":\"Los Angeles LGBT Center\",\"description\":\"\",\"potentialAction\":[{\"@type\":\"SearchAction\",\"target\":{\"@type\":\"EntryPoint\",\"urlTemplate\":\"https:\/\/dev-lalgbtcenter.pantheonsite.io\/?s={search_term_string}\"},\"query-input\":\"required name=search_term_string\"}],\"inLanguage\":\"es-ES\"}]}<\/script>\n<!-- \/ Yoast SEO plugin. -->","yoast_head_json":{"title":"Campus Anita May Rosenstein - Los Angeles LGBT Center","description":"El Campus Anita May Rosenstein es un complejo sin precedentes concebido como sede de nuestra administraci\u00f3n y hogar de nuestros Servicios para J\u00f3venes y Mayores.","robots":{"index":"index","follow":"follow","max-snippet":"max-snippet:-1","max-image-preview":"max-image-preview:large","max-video-preview":"max-video-preview:-1"},"canonical":"https:\/\/lalgbtcenter.org\/es\/about\/locations\/campus-anita-may-rosenstein\/","og_locale":"es_ES","og_type":"article","og_title":"Campus Anita May Rosenstein - Los Angeles LGBT Center","og_description":"El Campus Anita May Rosenstein es un complejo sin precedentes concebido como sede de nuestra administraci\u00f3n y hogar de nuestros Servicios para J\u00f3venes y Mayores.","og_url":"https:\/\/lalgbtcenter.org\/es\/about\/locations\/campus-anita-may-rosenstein\/","og_site_name":"Los Angeles LGBT Center","article_modified_time":"2024-04-10T20:08:17+00:00","og_image":[{"width":2560,"height":1140,"url":"https:\/\/lalgbtcenter.org\/app\/uploads\/2023\/07\/LGBT-Center_AMRC-September-2019_2560x1140.jpg","type":"image\/jpeg"}],"twitter_card":"summary_large_image","schema":{"@context":"https:\/\/schema.org","@graph":[{"@type":"WebPage","@id":"https:\/\/lalgbtcenter.org\/es\/about\/locations\/campus-anita-may-rosenstein\/","url":"https:\/\/lalgbtcenter.org\/es\/about\/locations\/campus-anita-may-rosenstein\/","name":"Campus Anita May Rosenstein - Los Angeles LGBT Center","isPartOf":{"@id":"https:\/\/dev-lalgbtcenter.pantheonsite.io\/#website"},"datePublished":"2023-08-15T22:53:00+00:00","dateModified":"2024-04-10T20:08:17+00:00","description":"El Campus Anita May Rosenstein es un complejo sin precedentes concebido como sede de nuestra administraci\u00f3n y hogar de nuestros Servicios para J\u00f3venes y Mayores.","inLanguage":"es-ES","potentialAction":[{"@type":"ReadAction","target":["https:\/\/lalgbtcenter.org\/es\/about\/locations\/campus-anita-may-rosenstein\/"]}]},{"@type":"WebSite","@id":"https:\/\/dev-lalgbtcenter.pantheonsite.io\/#website","url":"https:\/\/dev-lalgbtcenter.pantheonsite.io\/","name":"Los Angeles LGBT Center","description":"","potentialAction":[{"@type":"SearchAction","target":{"@type":"EntryPoint","urlTemplate":"https:\/\/dev-lalgbtcenter.pantheonsite.io\/?s={search_term_string}"},"query-input":"required name=search_term_string"}],"inLanguage":"es-ES"}]}},"_links":{"self":[{"href":"https:\/\/lalgbtcenter.org\/es\/wp-json\/wp\/v2\/locations\/22465"}],"collection":[{"href":"https:\/\/lalgbtcenter.org\/es\/wp-json\/wp\/v2\/locations"}],"about":[{"href":"https:\/\/lalgbtcenter.org\/es\/wp-json\/wp\/v2\/types\/locations"}],"author":[{"embeddable":true,"href":"https:\/\/lalgbtcenter.org\/es\/wp-json\/wp\/v2\/users\/29"}],"wp:featuredmedia":[{"embeddable":true,"href":"https:\/\/lalgbtcenter.org\/es\/wp-json\/wp\/v2\/media\/20862"}],"wp:attachment":[{"href":"https:\/\/lalgbtcenter.org\/es\/wp-json\/wp\/v2\/media?parent=22465"}],"wp:term":[{"taxonomy":"category","embeddable":true,"href":"https:\/\/lalgbtcenter.org\/es\/wp-json\/wp\/v2\/categories?post=22465"},{"taxonomy":"post_tag","embeddable":true,"href":"https:\/\/lalgbtcenter.org\/es\/wp-json\/wp\/v2\/tags?post=22465"}],"curies":[{"name":"wp","href":"https:\/\/api.w.org\/{rel}","templated":true}]}}